{"id":1731,"date":"2026-04-28T15:06:52","date_gmt":"2026-04-28T13:06:52","guid":{"rendered":"https:\/\/visitdanube.eu\/kozseg\/"},"modified":"2026-04-29T07:57:28","modified_gmt":"2026-04-29T05:57:28","slug":"kozseg","status":"publish","type":"page","link":"https:\/\/visitdanube.eu\/hu\/kozseg\/","title":{"rendered":"K\u00f6zs\u00e9g"},"content":{"rendered":"\t\t<div data-elementor-type=\"wp-page\" data-elementor-id=\"1731\" class=\"elementor elementor-1731 elementor-1645\" data-elementor-post-type=\"page\">\n\t\t\t\t<div class=\"elementor-element elementor-element-e08470b e-flex e-con-boxed e-con e-parent\" data-id=\"e08470b\" data-element_type=\"container\" data-e-type=\"container\" data-settings=\"{&quot;background_background&quot;:&quot;classic&quot;}\">\n\t\t\t\t\t<div class=\"e-con-inner\">\n\t\t\t\t<div class=\"elementor-element elementor-element-7f81a98 elementor-position-inline-start elementor-mobile-position-inline-start elementor-view-default elementor-widget elementor-widget-icon-box\" data-id=\"7f81a98\" data-element_type=\"widget\" data-e-type=\"widget\" data-widget_type=\"icon-box.default\">\n\t\t\t\t\t\t\t<div class=\"elementor-icon-box-wrapper\">\n\n\t\t\t\t\t\t<div class=\"elementor-icon-box-icon\">\n\t\t\t\t<span  class=\"elementor-icon\">\n\t\t\t\t<svg xmlns=\"http:\/\/www.w3.org\/2000\/svg\" width=\"15\" height=\"19\" viewBox=\"0 0 15 19\" fill=\"none\"><path fill-rule=\"evenodd\" clip-rule=\"evenodd\" d=\"M7.5 4.16602C9.3408 4.16619 10.833 5.65916 10.833 7.5C10.8327 9.34054 9.34058 10.8328 7.5 10.833C5.65938 10.8329 4.16636 9.34057 4.16602 7.5C4.16602 5.65913 5.65916 4.16615 7.5 4.16602ZM7.5 5.83301C6.57964 5.83314 5.83301 6.57961 5.83301 7.5C5.83336 8.4201 6.57985 9.16588 7.5 9.16602C8.42011 9.16584 9.16567 8.42007 9.16602 7.5C9.16602 6.57963 8.42032 5.83318 7.5 5.83301Z\" fill=\"#F89E1E\"><\/path><path fill-rule=\"evenodd\" clip-rule=\"evenodd\" d=\"M7.5 0C9.48893 8.62466e-05 11.3963 0.789945 12.8027 2.19629C14.2092 3.60281 15 5.51089 15 7.5C14.9998 9.86118 13.7059 12.1693 12.3281 13.9795C10.931 15.815 9.34085 17.2757 8.54492 17.9629C8.53085 17.975 8.51582 17.9869 8.50098 17.998C8.21236 18.2149 7.86102 18.3329 7.5 18.333C7.13876 18.333 6.78678 18.2152 6.49805 17.998C6.48309 17.9868 6.46827 17.9751 6.4541 17.9629C5.65816 17.2756 4.06891 15.8149 2.67188 13.9795C1.29414 12.1693 0.000236008 9.86118 0 7.5C0 5.51101 0.789943 3.60278 2.19629 2.19629C3.60275 0.789824 5.51096 6.46233e-05 7.5 0ZM7.5 1.66602C5.95299 1.66608 4.4689 2.2811 3.375 3.375C2.28121 4.46894 1.66602 5.95304 1.66602 7.5C1.66626 9.29925 2.68065 11.2388 3.99805 12.9697C5.27098 14.6422 6.73185 15.9963 7.49902 16.6621C8.26599 15.9965 9.72862 14.6427 11.002 12.9697C12.3193 11.2389 13.3328 9.2992 13.333 7.5C13.333 5.95292 12.718 4.46896 11.624 3.375C10.5302 2.28122 9.0469 1.6661 7.5 1.66602Z\" fill=\"#F89E1E\"><\/path><\/svg>\t\t\t\t<\/span>\n\t\t\t<\/div>\n\t\t\t\n\t\t\t\n\t\t<\/div>\n\t\t\t\t\t\t<\/div>\n\t\t\t\t<div class=\"elementor-element elementor-element-c320e7b elementor-widget elementor-widget-text-editor\" data-id=\"c320e7b\" data-element_type=\"widget\" data-e-type=\"widget\" data-widget_type=\"text-editor.default\">\n\t\t\t\t\t\t\t\t\t<p>A Dunamente r\u00e9gi\u00f3 partner telep\u00fcl\u00e9seinek \u00e9s v\u00e1rosainak arch\u00edvuma.<\/p>\t\t\t\t\t\t\t\t<\/div>\n\t\t\t\t\t<\/div>\n\t\t\t\t<\/div>\n\t\t<div class=\"elementor-element elementor-element-604a78f e-flex e-con-boxed e-con e-parent\" data-id=\"604a78f\" data-element_type=\"container\" data-e-type=\"container\">\n\t\t\t\t\t<div class=\"e-con-inner\">\n\t\t\t\t<div class=\"elementor-element elementor-element-17348f4 elementor-grid-2 elementor-grid-tablet-2 elementor-grid-mobile-1 elementor-widget elementor-widget-loop-grid\" data-id=\"17348f4\" data-element_type=\"widget\" data-e-type=\"widget\" data-settings=\"{&quot;_skin&quot;:&quot;post_taxonomy&quot;,&quot;template_id&quot;:937,&quot;columns&quot;:2,&quot;columns_tablet&quot;:&quot;2&quot;,&quot;columns_mobile&quot;:&quot;1&quot;,&quot;edit_handle_selector&quot;:&quot;[data-elementor-type=\\&quot;loop-item\\&quot;]&quot;,&quot;row_gap&quot;:{&quot;unit&quot;:&quot;px&quot;,&quot;size&quot;:&quot;&quot;,&quot;sizes&quot;:[]},&quot;row_gap_laptop&quot;:{&quot;unit&quot;:&quot;px&quot;,&quot;size&quot;:&quot;&quot;,&quot;sizes&quot;:[]},&quot;row_gap_tablet&quot;:{&quot;unit&quot;:&quot;px&quot;,&quot;size&quot;:&quot;&quot;,&quot;sizes&quot;:[]},&quot;row_gap_mobile&quot;:{&quot;unit&quot;:&quot;px&quot;,&quot;size&quot;:&quot;&quot;,&quot;sizes&quot;:[]}}\" data-widget_type=\"loop-grid.post_taxonomy\">\n\t\t\t\t<div class=\"elementor-widget-container\">\n\t\t\t\t\t\t\t<div class=\"elementor-loop-container elementor-grid\" role=\"list\">\n\t\t<style id=\"loop-937\">.elementor-937 .elementor-element.elementor-element-449b2b8{--display:flex;--flex-direction:row;--container-widget-width:initial;--container-widget-height:100%;--container-widget-flex-grow:1;--container-widget-align-self:stretch;--flex-wrap-mobile:wrap;--overflow:hidden;border-style:solid;--border-style:solid;border-width:1px 1px 1px 1px;--border-top-width:1px;--border-right-width:1px;--border-bottom-width:1px;--border-left-width:1px;border-color:var( --e-global-color-d1254dd );--border-color:var( --e-global-color-d1254dd );--border-radius:16px 16px 16px 16px;--padding-top:20px;--padding-bottom:20px;--padding-left:20px;--padding-right:20px;}.elementor-937 .elementor-element.elementor-element-449b2b8:not(.elementor-motion-effects-element-type-background), .elementor-937 .elementor-element.elementor-element-449b2b8 > .elementor-motion-effects-container > .elementor-motion-effects-layer{background-color:var( --e-global-color-2e70f20 );}.elementor-937 .elementor-element.elementor-element-449b2b8:hover{box-shadow:0px 0px 15px 0px rgba(0, 0, 0, 0.15);}.elementor-widget-image .widget-image-caption{color:var( --e-global-color-text );font-family:var( --e-global-typography-text-font-family ), Sans-serif;font-weight:var( --e-global-typography-text-font-weight );}.elementor-937 .elementor-element.elementor-element-82341b9{text-align:start;width:auto;max-width:auto;}.elementor-937 .elementor-element.elementor-element-82341b9 img{width:100px;height:120px;object-fit:contain;object-position:center center;border-radius:0px 0px 0px 0px;}.elementor-937 .elementor-element.elementor-element-71d5b45{--display:flex;}.elementor-937 .elementor-element.elementor-element-71d5b45.e-con{--align-self:stretch;}.elementor-widget-heading .elementor-heading-title{font-family:var( --e-global-typography-primary-font-family ), Sans-serif;font-weight:var( --e-global-typography-primary-font-weight );color:var( --e-global-color-primary );}.elementor-937 .elementor-element.elementor-element-ff5cf3f{text-align:start;width:auto;max-width:auto;}.elementor-937 .elementor-element.elementor-element-ff5cf3f img{width:100px;height:120px;object-fit:contain;object-position:center center;border-radius:0px 0px 0px 0px;}.elementor-widget-text-editor{font-family:var( --e-global-typography-text-font-family ), Sans-serif;font-weight:var( --e-global-typography-text-font-weight );color:var( --e-global-color-text );}.elementor-widget-text-editor.elementor-drop-cap-view-stacked .elementor-drop-cap{background-color:var( --e-global-color-primary );}.elementor-widget-text-editor.elementor-drop-cap-view-framed .elementor-drop-cap, .elementor-widget-text-editor.elementor-drop-cap-view-default .elementor-drop-cap{color:var( --e-global-color-primary );border-color:var( --e-global-color-primary );}.elementor-937 .elementor-element.elementor-element-ff383b2.elementor-element{--flex-grow:1;--flex-shrink:0;}@media(max-width:767px){.elementor-937 .elementor-element.elementor-element-ff5cf3f img{width:70px;height:90px;}}@media(min-width:768px){.elementor-937 .elementor-element.elementor-element-449b2b8{--width:100%;}.elementor-937 .elementor-element.elementor-element-71d5b45{--width:100%;}}<\/style>\t\t<div data-elementor-type=\"loop-item\" data-elementor-id=\"937\" class=\"elementor elementor-937 e-loop-item e-loop-item-70 post-70 revision type-revision status-inherit has-post-thumbnail hentry\" data-elementor-post-type=\"elementor_library\" data-custom-edit-handle=\"1\">\n\t\t\t<a class=\"elementor-element elementor-element-449b2b8 e-con-full e-flex e-con e-parent\" data-id=\"449b2b8\" data-element_type=\"container\" data-e-type=\"container\" data-settings=\"{&quot;background_background&quot;:&quot;classic&quot;}\" href=\"https:\/\/visitdanube.eu\/hu\/telepules\/batorkeszi\/\">\n\t\t\t\t<div class=\"elementor-element elementor-element-82341b9 elementor-widget__width-auto elementor-hidden-mobile elementor-widget elementor-widget-image\" data-id=\"82341b9\" data-element_type=\"widget\" data-e-type=\"widget\" data-widget_type=\"image.default\">\n\t\t\t\t\t\t\t\t\t\t\t\t\t\t\t<img decoding=\"async\" width=\"104\" height=\"119\" src=\"https:\/\/visitdanube.eu\/wp-content\/uploads\/2026\/04\/coat_batorove_kos.png\" class=\"attachment-large size-large wp-image-1087\" alt=\"\" \/>\t\t\t\t\t\t\t\t\t\t\t\t\t\t\t<\/div>\n\t\t<div class=\"elementor-element elementor-element-71d5b45 e-con-full e-flex e-con e-child\" data-id=\"71d5b45\" data-element_type=\"container\" data-e-type=\"container\">\n\t\t\t\t<div class=\"elementor-element elementor-element-7af8b96 elementor-widget elementor-widget-heading\" data-id=\"7af8b96\" data-element_type=\"widget\" data-e-type=\"widget\" data-widget_type=\"heading.default\">\n\t\t\t\t\t<h3 class=\"elementor-heading-title elementor-size-default\">B\u00e1torkeszi<\/h3>\t\t\t\t<\/div>\n\t\t\t\t<div class=\"elementor-element elementor-element-ff5cf3f elementor-widget__width-auto elementor-hidden-desktop elementor-hidden-laptop elementor-hidden-tablet elementor-widget elementor-widget-image\" data-id=\"ff5cf3f\" data-element_type=\"widget\" data-e-type=\"widget\" data-widget_type=\"image.default\">\n\t\t\t\t\t\t\t\t\t\t\t\t\t\t\t<img decoding=\"async\" width=\"104\" height=\"119\" src=\"https:\/\/visitdanube.eu\/wp-content\/uploads\/2026\/04\/coat_batorove_kos.png\" class=\"attachment-large size-large wp-image-1087\" alt=\"\" \/>\t\t\t\t\t\t\t\t\t\t\t\t\t\t\t<\/div>\n\t\t\t\t<div class=\"elementor-element elementor-element-ff383b2 elementor-widget elementor-widget-text-editor\" data-id=\"ff383b2\" data-element_type=\"widget\" data-e-type=\"widget\" data-widget_type=\"text-editor.default\">\n\t\t\t\t\t\t\t\t\tB\u00e1torkeszi h\u00edres borvid\u00e9k\u00e9r\u0151l \u00e9s sz\u0151l\u0151termeszt\u00e9s\u00e9r\u0151l, \u00edgy a borturizmus k\u00f6zpontja a t\u00e9rs\u00e9gben. A helyi pinc\u00e9kben bork\u00f3stol\u00f3kon vehet\u00fcnk r\u00e9szt, \u00e9s megismerhetj\u00fck a hagyom\u00e1nyos sz\u0151l\u0151feldolgoz\u00e1st. A telep\u00fcl\u00e9s kultur\u00e1lis programjai \u00e9s fesztiv\u00e1ljai eg\u00e9sz \u00e9vben v\u00e1rj\u00e1k a l\u00e1togat\u00f3kat. A telep\u00fcl\u00e9s nyugodt, csal\u00e1dbar\u00e1t k\u00f6rnyezetet biztos\u00edt. A t\u00f6rt\u00e9nelmi \u00e9p\u00fcletek \u00e9s templomok felfedez\u00e9se kultur\u00e1lis \u00e9lm\u00e9nyt ny\u00fajt. A k\u00f6zeli term\u00e9szeti ter\u00fcletek piknikez\u00e9sre \u00e9s kir\u00e1ndul\u00e1sra is alkalmasak. B\u00e1torkeszi a bor, a kult\u00fara \u00e9s a term\u00e9szet kedvel\u0151inek ide\u00e1lis \u00fati c\u00e9l. A helyi vend\u00e9gszeretet felejthetetlen \u00e9lm\u00e9nyt ny\u00fajt a l\u00e1togat\u00f3knak.\t\t\t\t\t\t\t\t<\/div>\n\t\t\t\t\t    \t            <button class=\"button-small e-9d53a0c-dbcd0b5 e-button-base\" data-interaction-id=\"9d53a0c\"  data-e-type=\"widget\" data-id=\"9d53a0c\">\n            Viac inform\u00e1ci\u00ed\n        <\/button>\n    \t\t\t\t<\/div>\n\t\t\t\t<\/a>\n\t\t\t\t<\/div>\n\t\t\t\t<div data-elementor-type=\"loop-item\" data-elementor-id=\"937\" class=\"elementor elementor-937 e-loop-item e-loop-item-82 post-82 revision type-revision status-inherit has-post-thumbnail hentry\" data-elementor-post-type=\"elementor_library\" data-custom-edit-handle=\"1\">\n\t\t\t<a class=\"elementor-element elementor-element-449b2b8 e-con-full e-flex e-con e-parent\" data-id=\"449b2b8\" data-element_type=\"container\" data-e-type=\"container\" data-settings=\"{&quot;background_background&quot;:&quot;classic&quot;}\" href=\"https:\/\/visitdanube.eu\/hu\/telepules\/csicso\/\">\n\t\t\t\t<div class=\"elementor-element elementor-element-82341b9 elementor-widget__width-auto elementor-hidden-mobile elementor-widget elementor-widget-image\" data-id=\"82341b9\" data-element_type=\"widget\" data-e-type=\"widget\" data-widget_type=\"image.default\">\n\t\t\t\t\t\t\t\t\t\t\t\t\t\t\t<img decoding=\"async\" width=\"103\" height=\"119\" src=\"https:\/\/visitdanube.eu\/wp-content\/uploads\/2026\/04\/coat_cicov.png\" class=\"attachment-large size-large wp-image-872\" alt=\"\" \/>\t\t\t\t\t\t\t\t\t\t\t\t\t\t\t<\/div>\n\t\t<div class=\"elementor-element elementor-element-71d5b45 e-con-full e-flex e-con e-child\" data-id=\"71d5b45\" data-element_type=\"container\" data-e-type=\"container\">\n\t\t\t\t<div class=\"elementor-element elementor-element-7af8b96 elementor-widget elementor-widget-heading\" data-id=\"7af8b96\" data-element_type=\"widget\" data-e-type=\"widget\" data-widget_type=\"heading.default\">\n\t\t\t\t\t<h3 class=\"elementor-heading-title elementor-size-default\">Csics\u00f3<\/h3>\t\t\t\t<\/div>\n\t\t\t\t<div class=\"elementor-element elementor-element-ff5cf3f elementor-widget__width-auto elementor-hidden-desktop elementor-hidden-laptop elementor-hidden-tablet elementor-widget elementor-widget-image\" data-id=\"ff5cf3f\" data-element_type=\"widget\" data-e-type=\"widget\" data-widget_type=\"image.default\">\n\t\t\t\t\t\t\t\t\t\t\t\t\t\t\t<img decoding=\"async\" width=\"103\" height=\"119\" src=\"https:\/\/visitdanube.eu\/wp-content\/uploads\/2026\/04\/coat_cicov.png\" class=\"attachment-large size-large wp-image-872\" alt=\"\" \/>\t\t\t\t\t\t\t\t\t\t\t\t\t\t\t<\/div>\n\t\t\t\t<div class=\"elementor-element elementor-element-ff383b2 elementor-widget elementor-widget-text-editor\" data-id=\"ff383b2\" data-element_type=\"widget\" data-e-type=\"widget\" data-widget_type=\"text-editor.default\">\n\t\t\t\t\t\t\t\t\tCsics\u00f3 a Duna menti s\u00edks\u00e1gon fekv\u0151 telep\u00fcl\u00e9s. A k\u00f6rny\u00e9k s\u00e9t\u00e1ra, t\u00far\u00e1z\u00e1sra \u00e9s ker\u00e9kp\u00e1roz\u00e1sra kiv\u00e1l\u00f3. A k\u00f6z\u00f6ss\u00e9g \u00f6sszetart\u00f3 \u00e9s hagyom\u00e1nytisztel\u0151. Helyi rendezv\u00e9nyek \u00e9s kultur\u00e1lis esem\u00e9nyek sz\u00ednes\u00edtik a l\u00e1togat\u00f3k \u00e9lm\u00e9ny\u00e9t. A Duna k\u00f6zels\u00e9ge horg\u00e1szati \u00e9s v\u00edzi sportol\u00e1si lehet\u0151s\u00e9get k\u00edn\u00e1l. A k\u00f6zs\u00e9g nyugodt, csal\u00e1dbar\u00e1t k\u00f6rnyezetet biztos\u00edt. Csics\u00f3 bemutatja a vid\u00e9ki \u00e9let hagyom\u00e1nyait \u00e9s kult\u00far\u00e1j\u00e1t. Turist\u00e1k sz\u00e1m\u00e1ra a nyugalom \u00e9s a term\u00e9szet t\u00f6k\u00e9letes kombin\u00e1ci\u00f3j\u00e1t k\u00edn\u00e1lja.\t\t\t\t\t\t\t\t<\/div>\n\t\t\t\t\t    \t            <button class=\"button-small e-9d53a0c-dbcd0b5 e-button-base\" data-interaction-id=\"9d53a0c\"  data-e-type=\"widget\" data-id=\"9d53a0c\">\n            Viac inform\u00e1ci\u00ed\n        <\/button>\n    \t\t\t\t<\/div>\n\t\t\t\t<\/a>\n\t\t\t\t<\/div>\n\t\t\t\t<div data-elementor-type=\"loop-item\" data-elementor-id=\"937\" class=\"elementor elementor-937 e-loop-item e-loop-item-76 post-76 revision type-revision status-inherit has-post-thumbnail hentry\" data-elementor-post-type=\"elementor_library\" data-custom-edit-handle=\"1\">\n\t\t\t<a class=\"elementor-element elementor-element-449b2b8 e-con-full e-flex e-con e-parent\" data-id=\"449b2b8\" data-element_type=\"container\" data-e-type=\"container\" data-settings=\"{&quot;background_background&quot;:&quot;classic&quot;}\" href=\"https:\/\/visitdanube.eu\/hu\/telepules\/dunamocs\/\">\n\t\t\t\t<div class=\"elementor-element elementor-element-82341b9 elementor-widget__width-auto elementor-hidden-mobile elementor-widget elementor-widget-image\" data-id=\"82341b9\" data-element_type=\"widget\" data-e-type=\"widget\" data-widget_type=\"image.default\">\n\t\t\t\t\t\t\t\t\t\t\t\t\t\t\t<img decoding=\"async\" width=\"100\" height=\"119\" src=\"https:\/\/visitdanube.eu\/wp-content\/uploads\/2026\/04\/coat_moca.png\" class=\"attachment-large size-large wp-image-868\" alt=\"\" \/>\t\t\t\t\t\t\t\t\t\t\t\t\t\t\t<\/div>\n\t\t<div class=\"elementor-element elementor-element-71d5b45 e-con-full e-flex e-con e-child\" data-id=\"71d5b45\" data-element_type=\"container\" data-e-type=\"container\">\n\t\t\t\t<div class=\"elementor-element elementor-element-7af8b96 elementor-widget elementor-widget-heading\" data-id=\"7af8b96\" data-element_type=\"widget\" data-e-type=\"widget\" data-widget_type=\"heading.default\">\n\t\t\t\t\t<h3 class=\"elementor-heading-title elementor-size-default\">Dunamocs<\/h3>\t\t\t\t<\/div>\n\t\t\t\t<div class=\"elementor-element elementor-element-ff5cf3f elementor-widget__width-auto elementor-hidden-desktop elementor-hidden-laptop elementor-hidden-tablet elementor-widget elementor-widget-image\" data-id=\"ff5cf3f\" data-element_type=\"widget\" data-e-type=\"widget\" data-widget_type=\"image.default\">\n\t\t\t\t\t\t\t\t\t\t\t\t\t\t\t<img decoding=\"async\" width=\"100\" height=\"119\" src=\"https:\/\/visitdanube.eu\/wp-content\/uploads\/2026\/04\/coat_moca.png\" class=\"attachment-large size-large wp-image-868\" alt=\"\" \/>\t\t\t\t\t\t\t\t\t\t\t\t\t\t\t<\/div>\n\t\t\t\t<div class=\"elementor-element elementor-element-ff383b2 elementor-widget elementor-widget-text-editor\" data-id=\"ff383b2\" data-element_type=\"widget\" data-e-type=\"widget\" data-widget_type=\"text-editor.default\">\n\t\t\t\t\t\t\t\t\tDunamocs a Duna k\u00f6zel\u00e9ben fekv\u0151 hangulatos telep\u00fcl\u00e9s, ahol a term\u00e9szet \u00e9s a v\u00edz k\u00f6zels\u00e9ge domin\u00e1l. A foly\u00f3parti s\u00e9t\u00e1k \u00e9s horg\u00e1szati lehet\u0151s\u00e9gek miatt k\u00fcl\u00f6n\u00f6sen vonz\u00f3 a szabadid\u0151s turist\u00e1k sz\u00e1m\u00e1ra. A k\u00f6rny\u00e9k ker\u00e9kp\u00e1r\u00fatjai \u00e9s t\u00fara\u00fatvonalai ide\u00e1lisak a kir\u00e1ndul\u00e1sra. A telep\u00fcl\u00e9s hagyom\u00e1ny\u0151rz\u0151 kultur\u00e1lis programokkal \u00e9s helyi fesztiv\u00e1lokkal v\u00e1rja a l\u00e1togat\u00f3kat. A k\u00f6zeli term\u00e9szeti ter\u00fcletek mad\u00e1rmegfigyel\u00e9sre \u00e9s fot\u00f3z\u00e1sra is kiv\u00e1l\u00f3ak. Nyugodt, bar\u00e1ts\u00e1gos atmoszf\u00e9r\u00e1ja miatt kikapcsol\u00f3d\u00e1sra t\u00f6k\u00e9letes. A telep\u00fcl\u00e9shez k\u00f6zeli v\u00e1rosok k\u00f6nnyen el\u00e9rhet\u0151k. Dunamocs a term\u00e9szet \u00e9s a nyugalom szerelmeseinek kedvelt c\u00e9lpontja.\t\t\t\t\t\t\t\t<\/div>\n\t\t\t\t\t    \t            <button class=\"button-small e-9d53a0c-dbcd0b5 e-button-base\" data-interaction-id=\"9d53a0c\"  data-e-type=\"widget\" data-id=\"9d53a0c\">\n            Viac inform\u00e1ci\u00ed\n        <\/button>\n    \t\t\t\t<\/div>\n\t\t\t\t<\/a>\n\t\t\t\t<\/div>\n\t\t\t\t<div data-elementor-type=\"loop-item\" data-elementor-id=\"937\" class=\"elementor elementor-937 e-loop-item e-loop-item-78 post-78 revision type-revision status-inherit has-post-thumbnail hentry\" data-elementor-post-type=\"elementor_library\" data-custom-edit-handle=\"1\">\n\t\t\t<a class=\"elementor-element elementor-element-449b2b8 e-con-full e-flex e-con e-parent\" data-id=\"449b2b8\" data-element_type=\"container\" data-e-type=\"container\" data-settings=\"{&quot;background_background&quot;:&quot;classic&quot;}\" href=\"https:\/\/visitdanube.eu\/hu\/telepules\/ersekujvar\/\">\n\t\t\t\t<div class=\"elementor-element elementor-element-82341b9 elementor-widget__width-auto elementor-hidden-mobile elementor-widget elementor-widget-image\" data-id=\"82341b9\" data-element_type=\"widget\" data-e-type=\"widget\" data-widget_type=\"image.default\">\n\t\t\t\t\t\t\t\t\t\t\t\t\t\t\t<img loading=\"lazy\" decoding=\"async\" width=\"100\" height=\"105\" src=\"https:\/\/visitdanube.eu\/wp-content\/uploads\/2026\/04\/coat_novezamky.gif\" class=\"attachment-large size-large wp-image-869\" alt=\"\" \/>\t\t\t\t\t\t\t\t\t\t\t\t\t\t\t<\/div>\n\t\t<div class=\"elementor-element elementor-element-71d5b45 e-con-full e-flex e-con e-child\" data-id=\"71d5b45\" data-element_type=\"container\" data-e-type=\"container\">\n\t\t\t\t<div class=\"elementor-element elementor-element-7af8b96 elementor-widget elementor-widget-heading\" data-id=\"7af8b96\" data-element_type=\"widget\" data-e-type=\"widget\" data-widget_type=\"heading.default\">\n\t\t\t\t\t<h3 class=\"elementor-heading-title elementor-size-default\">\u00c9rsek\u00fajv\u00e1r<\/h3>\t\t\t\t<\/div>\n\t\t\t\t<div class=\"elementor-element elementor-element-ff5cf3f elementor-widget__width-auto elementor-hidden-desktop elementor-hidden-laptop elementor-hidden-tablet elementor-widget elementor-widget-image\" data-id=\"ff5cf3f\" data-element_type=\"widget\" data-e-type=\"widget\" data-widget_type=\"image.default\">\n\t\t\t\t\t\t\t\t\t\t\t\t\t\t\t<img loading=\"lazy\" decoding=\"async\" width=\"100\" height=\"105\" src=\"https:\/\/visitdanube.eu\/wp-content\/uploads\/2026\/04\/coat_novezamky.gif\" class=\"attachment-large size-large wp-image-869\" alt=\"\" \/>\t\t\t\t\t\t\t\t\t\t\t\t\t\t\t<\/div>\n\t\t\t\t<div class=\"elementor-element elementor-element-ff383b2 elementor-widget elementor-widget-text-editor\" data-id=\"ff383b2\" data-element_type=\"widget\" data-e-type=\"widget\" data-widget_type=\"text-editor.default\">\n\t\t\t\t\t\t\t\t\t\u00c9rsek\u00fajv\u00e1r a D\u00e9l-Szlov\u00e1kiai r\u00e9gi\u00f3 kultur\u00e1lis \u00e9s t\u00f6rt\u00e9nelmi k\u00f6zpontja. A v\u00e1ros h\u00edres t\u00f6rt\u00e9nelmi k\u00f6zpontj\u00e1r\u00f3l \u00e9s hangulatos ter\u00e9r\u0151l. S\u00e9t\u00e1lhatunk a r\u00e9gi utc\u00e1kon, megcsod\u00e1lhatjuk a barokk \u00e9s klasszicista \u00e9p\u00fcleteket. T\u00f6rt\u00e9nelmi m\u00faltja \u00e9s kultur\u00e1lis \u00f6r\u00f6ks\u00e9ge meghat\u00e1rozza arculat\u00e1t. A v\u00e1ros akt\u00edv kultur\u00e1lis \u00e9lettel rendelkezik, rendszeres rendezv\u00e9nyekkel \u00e9s programokkal. A v\u00e1ros k\u00f6rny\u00e9ke t\u00far\u00e1z\u00e1sra \u00e9s ker\u00e9kp\u00e1roz\u00e1sra is alkalmas. A k\u00f6zeli term\u00e1lf\u00fcrd\u0151 t\u00f6k\u00e9letes kikapcsol\u00f3d\u00e1st ny\u00fajt. A v\u00e1ros m\u00fazeumai \u00e9s gal\u00e9ri\u00e1i bemutatj\u00e1k a helyi t\u00f6rt\u00e9nelmet \u00e9s m\u0171v\u00e9szetet. Csal\u00e1doknak is ide\u00e1lis a k\u00f6rny\u00e9k, rengeteg akt\u00edv programmal.\t\t\t\t\t\t\t\t<\/div>\n\t\t\t\t\t    \t            <button class=\"button-small e-9d53a0c-dbcd0b5 e-button-base\" data-interaction-id=\"9d53a0c\"  data-e-type=\"widget\" data-id=\"9d53a0c\">\n            Viac inform\u00e1ci\u00ed\n        <\/button>\n    \t\t\t\t<\/div>\n\t\t\t\t<\/a>\n\t\t\t\t<\/div>\n\t\t\t\t<div data-elementor-type=\"loop-item\" data-elementor-id=\"937\" class=\"elementor elementor-937 e-loop-item e-loop-item-72 post-72 revision type-revision status-inherit has-post-thumbnail hentry\" data-elementor-post-type=\"elementor_library\" data-custom-edit-handle=\"1\">\n\t\t\t<a class=\"elementor-element elementor-element-449b2b8 e-con-full e-flex e-con e-parent\" data-id=\"449b2b8\" data-element_type=\"container\" data-e-type=\"container\" data-settings=\"{&quot;background_background&quot;:&quot;classic&quot;}\" href=\"https:\/\/visitdanube.eu\/hu\/telepules\/ifjusagfalva\/\">\n\t\t\t\t<div class=\"elementor-element elementor-element-82341b9 elementor-widget__width-auto elementor-hidden-mobile elementor-widget elementor-widget-image\" data-id=\"82341b9\" data-element_type=\"widget\" data-e-type=\"widget\" data-widget_type=\"image.default\">\n\t\t\t\t\t\t\t\t\t\t\t\t\t\t\t<img loading=\"lazy\" decoding=\"async\" width=\"103\" height=\"119\" src=\"https:\/\/visitdanube.eu\/wp-content\/uploads\/2026\/04\/coat_dedinamladeze.jpg\" class=\"attachment-large size-large wp-image-873\" alt=\"\" \/>\t\t\t\t\t\t\t\t\t\t\t\t\t\t\t<\/div>\n\t\t<div class=\"elementor-element elementor-element-71d5b45 e-con-full e-flex e-con e-child\" data-id=\"71d5b45\" data-element_type=\"container\" data-e-type=\"container\">\n\t\t\t\t<div class=\"elementor-element elementor-element-7af8b96 elementor-widget elementor-widget-heading\" data-id=\"7af8b96\" data-element_type=\"widget\" data-e-type=\"widget\" data-widget_type=\"heading.default\">\n\t\t\t\t\t<h3 class=\"elementor-heading-title elementor-size-default\">Ifj\u00fas\u00e1gfalva<\/h3>\t\t\t\t<\/div>\n\t\t\t\t<div class=\"elementor-element elementor-element-ff5cf3f elementor-widget__width-auto elementor-hidden-desktop elementor-hidden-laptop elementor-hidden-tablet elementor-widget elementor-widget-image\" data-id=\"ff5cf3f\" data-element_type=\"widget\" data-e-type=\"widget\" data-widget_type=\"image.default\">\n\t\t\t\t\t\t\t\t\t\t\t\t\t\t\t<img loading=\"lazy\" decoding=\"async\" width=\"103\" height=\"119\" src=\"https:\/\/visitdanube.eu\/wp-content\/uploads\/2026\/04\/coat_dedinamladeze.jpg\" class=\"attachment-large size-large wp-image-873\" alt=\"\" \/>\t\t\t\t\t\t\t\t\t\t\t\t\t\t\t<\/div>\n\t\t\t\t<div class=\"elementor-element elementor-element-ff383b2 elementor-widget elementor-widget-text-editor\" data-id=\"ff383b2\" data-element_type=\"widget\" data-e-type=\"widget\" data-widget_type=\"text-editor.default\">\n\t\t\t\t\t\t\t\t\tIfj\u00fas\u00e1gfalva csendes \u00e9s bar\u00e1ts\u00e1gos telep\u00fcl\u00e9s, ide\u00e1lis a term\u00e9szetk\u00f6zeli pihen\u00e9shez. A telep\u00fcl\u00e9s csal\u00e1dbar\u00e1t \u00e9s nyugodt l\u00e9gk\u00f6rt k\u00edn\u00e1l. A k\u00f6rny\u00e9k t\u00f6rt\u00e9nelmi \u00e9s kultur\u00e1lis l\u00e1tnival\u00f3i felfedez\u00e9sre v\u00e1rnak. A helyi k\u00f6z\u00f6ss\u00e9g vend\u00e9gszeretete eml\u00e9kezetess\u00e9 teszi a l\u00e1togat\u00e1st. Ifj\u00fas\u00e1gfalva a nyugalom \u00e9s a hagyom\u00e1nyos vid\u00e9ki \u00e9let \u00e9lm\u00e9ny\u00e9t \u00f6tv\u00f6zi. Turist\u00e1k sz\u00e1m\u00e1ra ide\u00e1lis c\u00e9lpont pihen\u00e9sre \u00e9s felt\u00f6lt\u0151d\u00e9sre.\t\t\t\t\t\t\t\t<\/div>\n\t\t\t\t\t    \t            <button class=\"button-small e-9d53a0c-dbcd0b5 e-button-base\" data-interaction-id=\"9d53a0c\"  data-e-type=\"widget\" data-id=\"9d53a0c\">\n            Viac inform\u00e1ci\u00ed\n        <\/button>\n    \t\t\t\t<\/div>\n\t\t\t\t<\/a>\n\t\t\t\t<\/div>\n\t\t\t\t<div data-elementor-type=\"loop-item\" data-elementor-id=\"937\" class=\"elementor elementor-937 e-loop-item e-loop-item-73 post-73 revision type-revision status-inherit has-post-thumbnail hentry\" data-elementor-post-type=\"elementor_library\" data-custom-edit-handle=\"1\">\n\t\t\t<a class=\"elementor-element elementor-element-449b2b8 e-con-full e-flex e-con e-parent\" data-id=\"449b2b8\" data-element_type=\"container\" data-e-type=\"container\" data-settings=\"{&quot;background_background&quot;:&quot;classic&quot;}\" href=\"https:\/\/visitdanube.eu\/hu\/telepules\/izsa\/\">\n\t\t\t\t<div class=\"elementor-element elementor-element-82341b9 elementor-widget__width-auto elementor-hidden-mobile elementor-widget elementor-widget-image\" data-id=\"82341b9\" data-element_type=\"widget\" data-e-type=\"widget\" data-widget_type=\"image.default\">\n\t\t\t\t\t\t\t\t\t\t\t\t\t\t\t<img loading=\"lazy\" decoding=\"async\" width=\"100\" height=\"119\" src=\"https:\/\/visitdanube.eu\/wp-content\/uploads\/2026\/04\/coat_iza.png\" class=\"attachment-large size-large wp-image-865\" alt=\"\" \/>\t\t\t\t\t\t\t\t\t\t\t\t\t\t\t<\/div>\n\t\t<div class=\"elementor-element elementor-element-71d5b45 e-con-full e-flex e-con e-child\" data-id=\"71d5b45\" data-element_type=\"container\" data-e-type=\"container\">\n\t\t\t\t<div class=\"elementor-element elementor-element-7af8b96 elementor-widget elementor-widget-heading\" data-id=\"7af8b96\" data-element_type=\"widget\" data-e-type=\"widget\" data-widget_type=\"heading.default\">\n\t\t\t\t\t<h3 class=\"elementor-heading-title elementor-size-default\">Izsa<\/h3>\t\t\t\t<\/div>\n\t\t\t\t<div class=\"elementor-element elementor-element-ff5cf3f elementor-widget__width-auto elementor-hidden-desktop elementor-hidden-laptop elementor-hidden-tablet elementor-widget elementor-widget-image\" data-id=\"ff5cf3f\" data-element_type=\"widget\" data-e-type=\"widget\" data-widget_type=\"image.default\">\n\t\t\t\t\t\t\t\t\t\t\t\t\t\t\t<img loading=\"lazy\" decoding=\"async\" width=\"100\" height=\"119\" src=\"https:\/\/visitdanube.eu\/wp-content\/uploads\/2026\/04\/coat_iza.png\" class=\"attachment-large size-large wp-image-865\" alt=\"\" \/>\t\t\t\t\t\t\t\t\t\t\t\t\t\t\t<\/div>\n\t\t\t\t<div class=\"elementor-element elementor-element-ff383b2 elementor-widget elementor-widget-text-editor\" data-id=\"ff383b2\" data-element_type=\"widget\" data-e-type=\"widget\" data-widget_type=\"text-editor.default\">\n\t\t\t\t\t\t\t\t\tIzsa t\u00f6rt\u00e9nelmi jelent\u0151s\u00e9g\u0171 telep\u00fcl\u00e9s, amely r\u00f3mai kori eml\u00e9kekr\u0151l \u00e9s r\u00e9g\u00e9szeti lel\u0151helyekr\u0151l h\u00edres. A kult\u00fara \u00e9s t\u00f6rt\u00e9nelem ir\u00e1nt \u00e9rdekl\u0151d\u0151 l\u00e1togat\u00f3k sz\u00e1m\u00e1ra igazi csemege. A telep\u00fcl\u00e9sen s\u00e9t\u00e1lva megcsod\u00e1lhatjuk a r\u00e9gi \u00e9p\u00edt\u00e9szeti eml\u00e9keket \u00e9s templomokat. K\u00f6rny\u00e9ke t\u00far\u00e1z\u00e1sra \u00e9s term\u00e9szetj\u00e1r\u00e1sra is kiv\u00e1l\u00f3. A helyi fesztiv\u00e1lok \u00e9s kultur\u00e1lis rendezv\u00e9nyek bemutatj\u00e1k a hagyom\u00e1nyos falusi \u00e9letm\u00f3dot. A csal\u00e1dbar\u00e1t programok minden koroszt\u00e1ly sz\u00e1m\u00e1ra k\u00edn\u00e1lnak \u00e9lm\u00e9nyt. A telep\u00fcl\u00e9s nyugodt \u00e9s bar\u00e1ts\u00e1gos hangulata ide\u00e1lis kikapcsol\u00f3d\u00e1sra. A term\u00e9szet k\u00f6zels\u00e9ge tov\u00e1bbi rekre\u00e1ci\u00f3s lehet\u0151s\u00e9geket biztos\u00edt.\t\t\t\t\t\t\t\t<\/div>\n\t\t\t\t\t    \t            <button class=\"button-small e-9d53a0c-dbcd0b5 e-button-base\" data-interaction-id=\"9d53a0c\"  data-e-type=\"widget\" data-id=\"9d53a0c\">\n            Viac inform\u00e1ci\u00ed\n        <\/button>\n    \t\t\t\t<\/div>\n\t\t\t\t<\/a>\n\t\t\t\t<\/div>\n\t\t\t\t<div data-elementor-type=\"loop-item\" data-elementor-id=\"937\" class=\"elementor elementor-937 e-loop-item e-loop-item-74 post-74 revision type-revision status-inherit has-post-thumbnail hentry\" data-elementor-post-type=\"elementor_library\" data-custom-edit-handle=\"1\">\n\t\t\t<a class=\"elementor-element elementor-element-449b2b8 e-con-full e-flex e-con e-parent\" data-id=\"449b2b8\" data-element_type=\"container\" data-e-type=\"container\" data-settings=\"{&quot;background_background&quot;:&quot;classic&quot;}\" href=\"https:\/\/visitdanube.eu\/hu\/telepules\/kamocsa\/\">\n\t\t\t\t<div class=\"elementor-element elementor-element-82341b9 elementor-widget__width-auto elementor-hidden-mobile elementor-widget elementor-widget-image\" data-id=\"82341b9\" data-element_type=\"widget\" data-e-type=\"widget\" data-widget_type=\"image.default\">\n\t\t\t\t\t\t\t\t\t\t\t\t\t\t\t<img loading=\"lazy\" decoding=\"async\" width=\"103\" height=\"122\" src=\"https:\/\/visitdanube.eu\/wp-content\/uploads\/2026\/04\/coat_kamenicna.jpg\" class=\"attachment-large size-large wp-image-1088\" alt=\"\" \/>\t\t\t\t\t\t\t\t\t\t\t\t\t\t\t<\/div>\n\t\t<div class=\"elementor-element elementor-element-71d5b45 e-con-full e-flex e-con e-child\" data-id=\"71d5b45\" data-element_type=\"container\" data-e-type=\"container\">\n\t\t\t\t<div class=\"elementor-element elementor-element-7af8b96 elementor-widget elementor-widget-heading\" data-id=\"7af8b96\" data-element_type=\"widget\" data-e-type=\"widget\" data-widget_type=\"heading.default\">\n\t\t\t\t\t<h3 class=\"elementor-heading-title elementor-size-default\">Kamocsa<\/h3>\t\t\t\t<\/div>\n\t\t\t\t<div class=\"elementor-element elementor-element-ff5cf3f elementor-widget__width-auto elementor-hidden-desktop elementor-hidden-laptop elementor-hidden-tablet elementor-widget elementor-widget-image\" data-id=\"ff5cf3f\" data-element_type=\"widget\" data-e-type=\"widget\" data-widget_type=\"image.default\">\n\t\t\t\t\t\t\t\t\t\t\t\t\t\t\t<img loading=\"lazy\" decoding=\"async\" width=\"103\" height=\"122\" src=\"https:\/\/visitdanube.eu\/wp-content\/uploads\/2026\/04\/coat_kamenicna.jpg\" class=\"attachment-large size-large wp-image-1088\" alt=\"\" \/>\t\t\t\t\t\t\t\t\t\t\t\t\t\t\t<\/div>\n\t\t\t\t<div class=\"elementor-element elementor-element-ff383b2 elementor-widget elementor-widget-text-editor\" data-id=\"ff383b2\" data-element_type=\"widget\" data-e-type=\"widget\" data-widget_type=\"text-editor.default\">\n\t\t\t\t\t\t\t\t\tKamocsa csendes \u00e9s bar\u00e1ts\u00e1gos telep\u00fcl\u00e9s, amely a term\u00e9szetk\u00f6zeli kikapcsol\u00f3d\u00e1st kedvel\u0151knek ide\u00e1lis. T\u00far\u00e1z\u00e1sra, ker\u00e9kp\u00e1roz\u00e1sra \u00e9s horg\u00e1szatra egyar\u00e1nt kiv\u00e1l\u00f3 helysz\u00edn. A k\u00f6zs\u00e9g kultur\u00e1lis programokkal \u00e9s helyi rendezv\u00e9nyekkel v\u00e1rja a l\u00e1togat\u00f3kat. A k\u00f6rny\u00e9k z\u00f6ldter\u00fcletei piknikez\u00e9sre \u00e9s s\u00e9t\u00e1kra alkalmasak. A telep\u00fcl\u00e9s nyugodt, biztons\u00e1gos \u00e9s csal\u00e1dbar\u00e1t k\u00f6rnyezetet biztos\u00edt. A k\u00f6zeli term\u00e9szeti l\u00e1tnival\u00f3k akt\u00edv kikapcsol\u00f3d\u00e1st tesznek lehet\u0151v\u00e9. Kamocsa bemutatja a vid\u00e9ki \u00e9let hagyom\u00e1nyait \u00e9s kult\u00far\u00e1j\u00e1t. A falusi hangulat \u00e9s a term\u00e9szet k\u00f6zels\u00e9ge ide\u00e1lis felt\u00f6lt\u0151d\u00e9st k\u00edn\u00e1l.\t\t\t\t\t\t\t\t<\/div>\n\t\t\t\t\t    \t            <button class=\"button-small e-9d53a0c-dbcd0b5 e-button-base\" data-interaction-id=\"9d53a0c\"  data-e-type=\"widget\" data-id=\"9d53a0c\">\n            Viac inform\u00e1ci\u00ed\n        <\/button>\n    \t\t\t\t<\/div>\n\t\t\t\t<\/a>\n\t\t\t\t<\/div>\n\t\t\t\t<div data-elementor-type=\"loop-item\" data-elementor-id=\"937\" class=\"elementor elementor-937 e-loop-item e-loop-item-75 \" data-elementor-post-type=\"elementor_library\" data-custom-edit-handle=\"1\">\n\t\t\t<a class=\"elementor-element elementor-element-449b2b8 e-con-full e-flex e-con e-parent\" data-id=\"449b2b8\" data-element_type=\"container\" data-e-type=\"container\" data-settings=\"{&quot;background_background&quot;:&quot;classic&quot;}\" href=\"https:\/\/visitdanube.eu\/hu\/telepules\/karva\/\">\n\t\t\t\t<div class=\"elementor-element elementor-element-82341b9 elementor-widget__width-auto elementor-hidden-mobile elementor-widget elementor-widget-image\" data-id=\"82341b9\" data-element_type=\"widget\" data-e-type=\"widget\" data-widget_type=\"image.default\">\n\t\t\t\t\t\t\t\t\t\t\t\t\t\t\t<img loading=\"lazy\" decoding=\"async\" width=\"100\" height=\"119\" src=\"https:\/\/visitdanube.eu\/wp-content\/uploads\/2026\/04\/coat_karvany.png\" class=\"attachment-large size-large wp-image-867\" alt=\"\" \/>\t\t\t\t\t\t\t\t\t\t\t\t\t\t\t<\/div>\n\t\t<div class=\"elementor-element elementor-element-71d5b45 e-con-full e-flex e-con e-child\" data-id=\"71d5b45\" data-element_type=\"container\" data-e-type=\"container\">\n\t\t\t\t<div class=\"elementor-element elementor-element-7af8b96 elementor-widget elementor-widget-heading\" data-id=\"7af8b96\" data-element_type=\"widget\" data-e-type=\"widget\" data-widget_type=\"heading.default\">\n\t\t\t\t\t<h3 class=\"elementor-heading-title elementor-size-default\">Karva<\/h3>\t\t\t\t<\/div>\n\t\t\t\t<div class=\"elementor-element elementor-element-ff5cf3f elementor-widget__width-auto elementor-hidden-desktop elementor-hidden-laptop elementor-hidden-tablet elementor-widget elementor-widget-image\" data-id=\"ff5cf3f\" data-element_type=\"widget\" data-e-type=\"widget\" data-widget_type=\"image.default\">\n\t\t\t\t\t\t\t\t\t\t\t\t\t\t\t<img loading=\"lazy\" decoding=\"async\" width=\"100\" height=\"119\" src=\"https:\/\/visitdanube.eu\/wp-content\/uploads\/2026\/04\/coat_karvany.png\" class=\"attachment-large size-large wp-image-867\" alt=\"\" \/>\t\t\t\t\t\t\t\t\t\t\t\t\t\t\t<\/div>\n\t\t\t\t<div class=\"elementor-element elementor-element-ff383b2 elementor-widget elementor-widget-text-editor\" data-id=\"ff383b2\" data-element_type=\"widget\" data-e-type=\"widget\" data-widget_type=\"text-editor.default\">\n\t\t\t\t\t\t\t\t\tKarva fest\u0151i kis telep\u00fcl\u00e9s a Duna ment\u00e9n, ide\u00e1lis hely a term\u00e9szet k\u00f6zels\u00e9g\u00e9nek \u00e9lvezet\u00e9re. A k\u00f6rny\u00e9k t\u00fara\u00fatvonalai \u00e9s ker\u00e9kp\u00e1r\u00fatjai akt\u00edv kikapcsol\u00f3d\u00e1st k\u00edn\u00e1lnak. A telep\u00fcl\u00e9s nyugodt, biztons\u00e1gos k\u00f6rnyezete ide\u00e1lis pihen\u00e9shez. Helyi rendezv\u00e9nyek \u00e9s kultur\u00e1lis programok sz\u00ednes\u00edtik a l\u00e1togat\u00f3k \u00e9lm\u00e9ny\u00e9t. A k\u00f6zeli foly\u00f3part ide\u00e1lis horg\u00e1szatra \u00e9s piknikez\u00e9sre. A term\u00e9szet \u00e9s a z\u00f6ldter\u00fcletek kedvel\u0151inek igazi paradicsom. Karva a vid\u00e9ki \u00e9let \u00e9s a helyi kult\u00fara \u00e9lm\u00e9ny\u00e9t \u00f6tv\u00f6zi. Csal\u00e1dok \u00e9s p\u00e1rok sz\u00e1m\u00e1ra is kiv\u00e1l\u00f3 \u00fati c\u00e9l.\t\t\t\t\t\t\t\t<\/div>\n\t\t\t\t\t    \t            <button class=\"button-small e-9d53a0c-dbcd0b5 e-button-base\" data-interaction-id=\"9d53a0c\"  data-e-type=\"widget\" data-id=\"9d53a0c\">\n            Viac inform\u00e1ci\u00ed\n        <\/button>\n    \t\t\t\t<\/div>\n\t\t\t\t<\/a>\n\t\t\t\t<\/div>\n\t\t\t\t<div data-elementor-type=\"loop-item\" data-elementor-id=\"937\" class=\"elementor elementor-937 e-loop-item e-loop-item-71 post-71 revision type-revision status-inherit has-post-thumbnail hentry\" data-elementor-post-type=\"elementor_library\" data-custom-edit-handle=\"1\">\n\t\t\t<a class=\"elementor-element elementor-element-449b2b8 e-con-full e-flex e-con e-parent\" data-id=\"449b2b8\" data-element_type=\"container\" data-e-type=\"container\" data-settings=\"{&quot;background_background&quot;:&quot;classic&quot;}\" href=\"https:\/\/visitdanube.eu\/hu\/telepules\/komarom\/\">\n\t\t\t\t<div class=\"elementor-element elementor-element-82341b9 elementor-widget__width-auto elementor-hidden-mobile elementor-widget elementor-widget-image\" data-id=\"82341b9\" data-element_type=\"widget\" data-e-type=\"widget\" data-widget_type=\"image.default\">\n\t\t\t\t\t\t\t\t\t\t\t\t\t\t\t<img loading=\"lazy\" decoding=\"async\" width=\"100\" height=\"119\" src=\"https:\/\/visitdanube.eu\/wp-content\/uploads\/2026\/04\/coat_komarno.png\" class=\"attachment-large size-large wp-image-866\" alt=\"\" \/>\t\t\t\t\t\t\t\t\t\t\t\t\t\t\t<\/div>\n\t\t<div class=\"elementor-element elementor-element-71d5b45 e-con-full e-flex e-con e-child\" data-id=\"71d5b45\" data-element_type=\"container\" data-e-type=\"container\">\n\t\t\t\t<div class=\"elementor-element elementor-element-7af8b96 elementor-widget elementor-widget-heading\" data-id=\"7af8b96\" data-element_type=\"widget\" data-e-type=\"widget\" data-widget_type=\"heading.default\">\n\t\t\t\t\t<h3 class=\"elementor-heading-title elementor-size-default\">Kom\u00e1rom<\/h3>\t\t\t\t<\/div>\n\t\t\t\t<div class=\"elementor-element elementor-element-ff5cf3f elementor-widget__width-auto elementor-hidden-desktop elementor-hidden-laptop elementor-hidden-tablet elementor-widget elementor-widget-image\" data-id=\"ff5cf3f\" data-element_type=\"widget\" data-e-type=\"widget\" data-widget_type=\"image.default\">\n\t\t\t\t\t\t\t\t\t\t\t\t\t\t\t<img loading=\"lazy\" decoding=\"async\" width=\"100\" height=\"119\" src=\"https:\/\/visitdanube.eu\/wp-content\/uploads\/2026\/04\/coat_komarno.png\" class=\"attachment-large size-large wp-image-866\" alt=\"\" \/>\t\t\t\t\t\t\t\t\t\t\t\t\t\t\t<\/div>\n\t\t\t\t<div class=\"elementor-element elementor-element-ff383b2 elementor-widget elementor-widget-text-editor\" data-id=\"ff383b2\" data-element_type=\"widget\" data-e-type=\"widget\" data-widget_type=\"text-editor.default\">\n\t\t\t\t\t\t\t\t\tKom\u00e1rom Szlov\u00e1kia d\u00e9li r\u00e9sz\u00e9n, a Duna \u00e9s a V\u00e1g tal\u00e1lkoz\u00e1s\u00e1n\u00e1l fekv\u0151 t\u00f6rt\u00e9nelmi v\u00e1ros. Gazdag t\u00f6rt\u00e9nelmi m\u00faltja \u00e9s egyed\u00fcl\u00e1ll\u00f3 er\u0151drendszere r\u00e9v\u00e9n K\u00f6z\u00e9p-Eur\u00f3pa egyik kiemelked\u0151 kultur\u00e1lis \u00f6r\u00f6ks\u00e9g\u00e9vel rendelkezik. A v\u00e1rosban s\u00e9t\u00e1lva a t\u00f6rt\u00e9nelmi \u00e9p\u00edt\u00e9szet \u00e9s a hangulatos s\u00e9t\u00e1l\u00f3utc\u00e1k t\u00e1rulnak a l\u00e1togat\u00f3k el\u00e9. Sz\u00e1mos m\u00fazeum \u00e9s ki\u00e1ll\u00edt\u00e1s v\u00e1rja a kult\u00fara ir\u00e1nt \u00e9rdekl\u0151d\u0151ket. A Duna-parti s\u00e9t\u00e1nyok \u00e9s a ker\u00e9kp\u00e1rutak ide\u00e1lisak a kikapcsol\u00f3d\u00e1sra. \u00c9rdemes kipr\u00f3b\u00e1lni a helyi k\u00e1v\u00e9z\u00f3kat, \u00e9ttermeket. A v\u00e1ros kultur\u00e1lis esem\u00e9nyekkel, fesztiv\u00e1lokkal \u00e9s koncertekkel gazdag\u00edtja a l\u00e1togat\u00f3k \u00e9lm\u00e9ny\u00e9t. Kom\u00e1rom a t\u00f6rt\u00e9nelem, a kult\u00fara \u00e9s a term\u00e9szet szerelmeseinek egyar\u00e1nt ide\u00e1lis \u00fati c\u00e9l. A Duna k\u00f6zels\u00e9ge turisztikai szempontb\u00f3l is jelent\u0151s vonzer\u0151t biztos\u00edt. Kom\u00e1rom a hagyom\u00e1ny \u00e9s a modern fejl\u0151d\u00e9s harmonikus tal\u00e1lkoz\u00e1sa.\t\t\t\t\t\t\t\t<\/div>\n\t\t\t\t\t    \t            <button class=\"button-small e-9d53a0c-dbcd0b5 e-button-base\" data-interaction-id=\"9d53a0c\"  data-e-type=\"widget\" data-id=\"9d53a0c\">\n            Viac inform\u00e1ci\u00ed\n        <\/button>\n    \t\t\t\t<\/div>\n\t\t\t\t<\/a>\n\t\t\t\t<\/div>\n\t\t\t\t<div data-elementor-type=\"loop-item\" data-elementor-id=\"937\" class=\"elementor elementor-937 e-loop-item e-loop-item-77 post-77 revision type-revision status-inherit has-post-thumbnail hentry\" data-elementor-post-type=\"elementor_library\" data-custom-edit-handle=\"1\">\n\t\t\t<a class=\"elementor-element elementor-element-449b2b8 e-con-full e-flex e-con e-parent\" data-id=\"449b2b8\" data-element_type=\"container\" data-e-type=\"container\" data-settings=\"{&quot;background_background&quot;:&quot;classic&quot;}\" href=\"https:\/\/visitdanube.eu\/hu\/telepules\/naszvad\/\">\n\t\t\t\t<div class=\"elementor-element elementor-element-82341b9 elementor-widget__width-auto elementor-hidden-mobile elementor-widget elementor-widget-image\" data-id=\"82341b9\" data-element_type=\"widget\" data-e-type=\"widget\" data-widget_type=\"image.default\">\n\t\t\t\t\t\t\t\t\t\t\t\t\t\t\t<img loading=\"lazy\" decoding=\"async\" width=\"104\" height=\"119\" src=\"https:\/\/visitdanube.eu\/wp-content\/uploads\/2026\/04\/coat_nesvady.jpg\" class=\"attachment-large size-large wp-image-874\" alt=\"\" \/>\t\t\t\t\t\t\t\t\t\t\t\t\t\t\t<\/div>\n\t\t<div class=\"elementor-element elementor-element-71d5b45 e-con-full e-flex e-con e-child\" data-id=\"71d5b45\" data-element_type=\"container\" data-e-type=\"container\">\n\t\t\t\t<div class=\"elementor-element elementor-element-7af8b96 elementor-widget elementor-widget-heading\" data-id=\"7af8b96\" data-element_type=\"widget\" data-e-type=\"widget\" data-widget_type=\"heading.default\">\n\t\t\t\t\t<h3 class=\"elementor-heading-title elementor-size-default\">Naszvad<\/h3>\t\t\t\t<\/div>\n\t\t\t\t<div class=\"elementor-element elementor-element-ff5cf3f elementor-widget__width-auto elementor-hidden-desktop elementor-hidden-laptop elementor-hidden-tablet elementor-widget elementor-widget-image\" data-id=\"ff5cf3f\" data-element_type=\"widget\" data-e-type=\"widget\" data-widget_type=\"image.default\">\n\t\t\t\t\t\t\t\t\t\t\t\t\t\t\t<img loading=\"lazy\" decoding=\"async\" width=\"104\" height=\"119\" src=\"https:\/\/visitdanube.eu\/wp-content\/uploads\/2026\/04\/coat_nesvady.jpg\" class=\"attachment-large size-large wp-image-874\" alt=\"\" \/>\t\t\t\t\t\t\t\t\t\t\t\t\t\t\t<\/div>\n\t\t\t\t<div class=\"elementor-element elementor-element-ff383b2 elementor-widget elementor-widget-text-editor\" data-id=\"ff383b2\" data-element_type=\"widget\" data-e-type=\"widget\" data-widget_type=\"text-editor.default\">\n\t\t\t\t\t\t\t\t\tNaszvad egy fest\u0151i kisv\u00e1ros, amely k\u00fcl\u00f6n\u00f6sen h\u00edres a term\u00e1lf\u00fcrd\u0151j\u00e9r\u0151l \u00e9s wellness k\u00f6zpontj\u00e1r\u00f3l. Eg\u00e9sz \u00e9vben vonzza a pihen\u00e9sre \u00e9s felt\u00f6lt\u0151d\u00e9sre v\u00e1gy\u00f3 l\u00e1togat\u00f3kat. A f\u00fcrd\u0151 medenc\u00e9ivel, szaun\u00e1ival \u00e9s gy\u00f3gy\u00e1szati szolg\u00e1ltat\u00e1saival ide\u00e1lis kikapcsol\u00f3d\u00e1st k\u00edn\u00e1l. A v\u00e1ros k\u00f6rny\u00e9ke ker\u00e9kp\u00e1ros \u00e9s t\u00fara\u00fatvonalakkal v\u00e1rja a term\u00e9szet szerelmeseit. Sz\u00e1mos kultur\u00e1lis program, fesztiv\u00e1l \u00e9s rendezv\u00e9ny gazdag\u00edtja az \u00e9lm\u00e9nyt. A ny\u00e1ri id\u0151szakban szabadt\u00e9ri koncertek \u00e9s v\u00e1s\u00e1rok is v\u00e1rj\u00e1k a l\u00e1togat\u00f3kat. A csal\u00e1dbar\u00e1t szolg\u00e1ltat\u00e1sok minden koroszt\u00e1lynak k\u00edn\u00e1lnak sz\u00f3rakoz\u00e1st. Naszvad t\u00f6k\u00e9letes \u00fati c\u00e9l a pihen\u00e9st \u00e9s akt\u00edv kikapcsol\u00f3d\u00e1st kedvel\u0151k sz\u00e1m\u00e1ra.\t\t\t\t\t\t\t\t<\/div>\n\t\t\t\t\t    \t            <button class=\"button-small e-9d53a0c-dbcd0b5 e-button-base\" data-interaction-id=\"9d53a0c\"  data-e-type=\"widget\" data-id=\"9d53a0c\">\n            Viac inform\u00e1ci\u00ed\n        <\/button>\n    \t\t\t\t<\/div>\n\t\t\t\t<\/a>\n\t\t\t\t<\/div>\n\t\t\t\t<div data-elementor-type=\"loop-item\" data-elementor-id=\"937\" class=\"elementor elementor-937 e-loop-item e-loop-item-79 \" data-elementor-post-type=\"elementor_library\" data-custom-edit-handle=\"1\">\n\t\t\t<a class=\"elementor-element elementor-element-449b2b8 e-con-full e-flex e-con e-parent\" data-id=\"449b2b8\" data-element_type=\"container\" data-e-type=\"container\" data-settings=\"{&quot;background_background&quot;:&quot;classic&quot;}\" href=\"https:\/\/visitdanube.eu\/hu\/telepules\/pat\/\">\n\t\t\t\t<div class=\"elementor-element elementor-element-82341b9 elementor-widget__width-auto elementor-hidden-mobile elementor-widget elementor-widget-image\" data-id=\"82341b9\" data-element_type=\"widget\" data-e-type=\"widget\" data-widget_type=\"image.default\">\n\t\t\t\t\t\t\t\t\t\t\t\t\t\t\t<img loading=\"lazy\" decoding=\"async\" width=\"100\" height=\"119\" src=\"https:\/\/visitdanube.eu\/wp-content\/uploads\/2026\/04\/coat_patince.png\" class=\"attachment-large size-large wp-image-870\" alt=\"\" \/>\t\t\t\t\t\t\t\t\t\t\t\t\t\t\t<\/div>\n\t\t<div class=\"elementor-element elementor-element-71d5b45 e-con-full e-flex e-con e-child\" data-id=\"71d5b45\" data-element_type=\"container\" data-e-type=\"container\">\n\t\t\t\t<div class=\"elementor-element elementor-element-7af8b96 elementor-widget elementor-widget-heading\" data-id=\"7af8b96\" data-element_type=\"widget\" data-e-type=\"widget\" data-widget_type=\"heading.default\">\n\t\t\t\t\t<h3 class=\"elementor-heading-title elementor-size-default\">Pat<\/h3>\t\t\t\t<\/div>\n\t\t\t\t<div class=\"elementor-element elementor-element-ff5cf3f elementor-widget__width-auto elementor-hidden-desktop elementor-hidden-laptop elementor-hidden-tablet elementor-widget elementor-widget-image\" data-id=\"ff5cf3f\" data-element_type=\"widget\" data-e-type=\"widget\" data-widget_type=\"image.default\">\n\t\t\t\t\t\t\t\t\t\t\t\t\t\t\t<img loading=\"lazy\" decoding=\"async\" width=\"100\" height=\"119\" src=\"https:\/\/visitdanube.eu\/wp-content\/uploads\/2026\/04\/coat_patince.png\" class=\"attachment-large size-large wp-image-870\" alt=\"\" \/>\t\t\t\t\t\t\t\t\t\t\t\t\t\t\t<\/div>\n\t\t\t\t<div class=\"elementor-element elementor-element-ff383b2 elementor-widget elementor-widget-text-editor\" data-id=\"ff383b2\" data-element_type=\"widget\" data-e-type=\"widget\" data-widget_type=\"text-editor.default\">\n\t\t\t\t\t\t\t\t\tPat a Duna ment\u00e9n fekv\u0151, kiemelked\u0151 turisztikai jelent\u0151s\u00e9g\u0171 telep\u00fcl\u00e9s. Legismertebb attrakci\u00f3ja a term\u00e1lf\u00fcrd\u0151 \u00e9s a wellness szolg\u00e1ltat\u00e1sok sz\u00e9les k\u00edn\u00e1lata. A telep\u00fcl\u00e9s ide\u00e1lis helysz\u00edn a pihen\u00e9sre \u00e9s rekre\u00e1ci\u00f3ra. A Duna k\u00f6zels\u00e9ge tov\u00e1bbi szabadid\u0151s lehet\u0151s\u00e9geket biztos\u00edt. A turizmus a helyi gazdas\u00e1g meghat\u00e1roz\u00f3 eleme. A szolg\u00e1ltat\u00e1sok sz\u00ednvonala folyamatosan fejl\u0151dik. Csal\u00e1dok \u00e9s p\u00e1rok sz\u00e1m\u00e1ra egyar\u00e1nt vonz\u00f3 \u00fati c\u00e9l. Pat a pihen\u00e9s, wellness \u00e9s term\u00e9szet szerelmeseinek kedvelt c\u00e9lpontja.\t\t\t\t\t\t\t\t<\/div>\n\t\t\t\t\t    \t            <button class=\"button-small e-9d53a0c-dbcd0b5 e-button-base\" data-interaction-id=\"9d53a0c\"  data-e-type=\"widget\" data-id=\"9d53a0c\">\n            Viac inform\u00e1ci\u00ed\n        <\/button>\n    \t\t\t\t<\/div>\n\t\t\t\t<\/a>\n\t\t\t\t<\/div>\n\t\t\t\t<div data-elementor-type=\"loop-item\" data-elementor-id=\"937\" class=\"elementor elementor-937 e-loop-item e-loop-item-81 post-81 revision type-revision status-inherit has-post-thumbnail hentry\" data-elementor-post-type=\"elementor_library\" data-custom-edit-handle=\"1\">\n\t\t\t<a class=\"elementor-element elementor-element-449b2b8 e-con-full e-flex e-con e-parent\" data-id=\"449b2b8\" data-element_type=\"container\" data-e-type=\"container\" data-settings=\"{&quot;background_background&quot;:&quot;classic&quot;}\" href=\"https:\/\/visitdanube.eu\/hu\/telepules\/szimo\/\">\n\t\t\t\t<div class=\"elementor-element elementor-element-82341b9 elementor-widget__width-auto elementor-hidden-mobile elementor-widget elementor-widget-image\" data-id=\"82341b9\" data-element_type=\"widget\" data-e-type=\"widget\" data-widget_type=\"image.default\">\n\t\t\t\t\t\t\t\t\t\t\t\t\t\t\t<img loading=\"lazy\" decoding=\"async\" width=\"103\" height=\"119\" src=\"https:\/\/visitdanube.eu\/wp-content\/uploads\/2026\/04\/coat_zemne.jpg\" class=\"attachment-large size-large wp-image-1086\" alt=\"\" \/>\t\t\t\t\t\t\t\t\t\t\t\t\t\t\t<\/div>\n\t\t<div class=\"elementor-element elementor-element-71d5b45 e-con-full e-flex e-con e-child\" data-id=\"71d5b45\" data-element_type=\"container\" data-e-type=\"container\">\n\t\t\t\t<div class=\"elementor-element elementor-element-7af8b96 elementor-widget elementor-widget-heading\" data-id=\"7af8b96\" data-element_type=\"widget\" data-e-type=\"widget\" data-widget_type=\"heading.default\">\n\t\t\t\t\t<h3 class=\"elementor-heading-title elementor-size-default\">Sz\u00edm\u0151<\/h3>\t\t\t\t<\/div>\n\t\t\t\t<div class=\"elementor-element elementor-element-ff5cf3f elementor-widget__width-auto elementor-hidden-desktop elementor-hidden-laptop elementor-hidden-tablet elementor-widget elementor-widget-image\" data-id=\"ff5cf3f\" data-element_type=\"widget\" data-e-type=\"widget\" data-widget_type=\"image.default\">\n\t\t\t\t\t\t\t\t\t\t\t\t\t\t\t<img loading=\"lazy\" decoding=\"async\" width=\"103\" height=\"119\" src=\"https:\/\/visitdanube.eu\/wp-content\/uploads\/2026\/04\/coat_zemne.jpg\" class=\"attachment-large size-large wp-image-1086\" alt=\"\" \/>\t\t\t\t\t\t\t\t\t\t\t\t\t\t\t<\/div>\n\t\t\t\t<div class=\"elementor-element elementor-element-ff383b2 elementor-widget elementor-widget-text-editor\" data-id=\"ff383b2\" data-element_type=\"widget\" data-e-type=\"widget\" data-widget_type=\"text-editor.default\">\n\t\t\t\t\t\t\t\t\tSz\u00edm\u0151 egy kis telep\u00fcl\u00e9s, amely a vid\u00e9ki \u00e9let \u00e9s a term\u00e9szet k\u00f6zels\u00e9g\u00e9t \u00f6tv\u00f6zi. T\u00fara\u00fatvonalak \u00e9s ker\u00e9kp\u00e1rutak k\u00edn\u00e1lnak akt\u00edv kikapcsol\u00f3d\u00e1st. Helyi fesztiv\u00e1lok \u00e9s hagyom\u00e1ny\u0151rz\u0151 rendezv\u00e9nyek sz\u00ednes\u00edtik a l\u00e1togat\u00f3k \u00e9lm\u00e9ny\u00e9t. A k\u00f6rny\u00e9k z\u00f6ldter\u00fcletei piknikez\u00e9sre \u00e9s term\u00e9szetk\u00f6zeli s\u00e9t\u00e1kra alkalmasak. A k\u00f6zs\u00e9g nyugodt \u00e9s bar\u00e1ts\u00e1gos hangulat\u00fa. Kultur\u00e1lis \u00e9s t\u00f6rt\u00e9nelmi l\u00e1tnival\u00f3kat is k\u00edn\u00e1l. A term\u00e9szet \u00e9s a helyi k\u00f6z\u00f6ss\u00e9g \u00e9lm\u00e9nye minden l\u00e1togat\u00f3t leny\u0171g\u00f6z. Sz\u00edm\u0151 ide\u00e1lis v\u00e1laszt\u00e1s a pihen\u00e9st \u00e9s akt\u00edv kikapcsol\u00f3d\u00e1st keres\u0151knek.\t\t\t\t\t\t\t\t<\/div>\n\t\t\t\t\t    \t            <button class=\"button-small e-9d53a0c-dbcd0b5 e-button-base\" data-interaction-id=\"9d53a0c\"  data-e-type=\"widget\" data-id=\"9d53a0c\">\n            Viac inform\u00e1ci\u00ed\n        <\/button>\n    \t\t\t\t<\/div>\n\t\t\t\t<\/a>\n\t\t\t\t<\/div>\n\t\t\t\t<div data-elementor-type=\"loop-item\" data-elementor-id=\"937\" class=\"elementor elementor-937 e-loop-item e-loop-item-80 post-80 revision type-revision status-inherit has-post-thumbnail hentry\" data-elementor-post-type=\"elementor_library\" data-custom-edit-handle=\"1\">\n\t\t\t<a class=\"elementor-element elementor-element-449b2b8 e-con-full e-flex e-con e-parent\" data-id=\"449b2b8\" data-element_type=\"container\" data-e-type=\"container\" data-settings=\"{&quot;background_background&quot;:&quot;classic&quot;}\" href=\"https:\/\/visitdanube.eu\/hu\/telepules\/szogyen\/\">\n\t\t\t\t<div class=\"elementor-element elementor-element-82341b9 elementor-widget__width-auto elementor-hidden-mobile elementor-widget elementor-widget-image\" data-id=\"82341b9\" data-element_type=\"widget\" data-e-type=\"widget\" data-widget_type=\"image.default\">\n\t\t\t\t\t\t\t\t\t\t\t\t\t\t\t<img loading=\"lazy\" decoding=\"async\" width=\"104\" height=\"119\" src=\"https:\/\/visitdanube.eu\/wp-content\/uploads\/2026\/04\/coat_svodin.png\" class=\"attachment-large size-large wp-image-871\" alt=\"\" \/>\t\t\t\t\t\t\t\t\t\t\t\t\t\t\t<\/div>\n\t\t<div class=\"elementor-element elementor-element-71d5b45 e-con-full e-flex e-con e-child\" data-id=\"71d5b45\" data-element_type=\"container\" data-e-type=\"container\">\n\t\t\t\t<div class=\"elementor-element elementor-element-7af8b96 elementor-widget elementor-widget-heading\" data-id=\"7af8b96\" data-element_type=\"widget\" data-e-type=\"widget\" data-widget_type=\"heading.default\">\n\t\t\t\t\t<h3 class=\"elementor-heading-title elementor-size-default\">Sz\u0151gy\u00e9n<\/h3>\t\t\t\t<\/div>\n\t\t\t\t<div class=\"elementor-element elementor-element-ff5cf3f elementor-widget__width-auto elementor-hidden-desktop elementor-hidden-laptop elementor-hidden-tablet elementor-widget elementor-widget-image\" data-id=\"ff5cf3f\" data-element_type=\"widget\" data-e-type=\"widget\" data-widget_type=\"image.default\">\n\t\t\t\t\t\t\t\t\t\t\t\t\t\t\t<img loading=\"lazy\" decoding=\"async\" width=\"104\" height=\"119\" src=\"https:\/\/visitdanube.eu\/wp-content\/uploads\/2026\/04\/coat_svodin.png\" class=\"attachment-large size-large wp-image-871\" alt=\"\" \/>\t\t\t\t\t\t\t\t\t\t\t\t\t\t\t<\/div>\n\t\t\t\t<div class=\"elementor-element elementor-element-ff383b2 elementor-widget elementor-widget-text-editor\" data-id=\"ff383b2\" data-element_type=\"widget\" data-e-type=\"widget\" data-widget_type=\"text-editor.default\">\n\t\t\t\t\t\t\t\t\tSz\u0151gy\u00e9n mez\u0151gazdas\u00e1gi jelleg\u0171 telep\u00fcl\u00e9s, amely nyugodt vid\u00e9ki k\u00f6rnyezetet k\u00edn\u00e1l a l\u00e1togat\u00f3knak. Helyi hagyom\u00e1ny\u0151rz\u0151 rendezv\u00e9nyek \u00e9s kultur\u00e1lis esem\u00e9nyek v\u00e1rj\u00e1k az \u00e9rdekl\u0151d\u0151ket. A telep\u00fcl\u00e9s csal\u00e1dbar\u00e1t programokat k\u00edn\u00e1l, p\u00e9ld\u00e1ul szabadt\u00e9ri piknikeket \u00e9s gyermekprogramokat. Sz\u0151gy\u00e9n a term\u00e9szet k\u00f6zels\u00e9g\u00e9t \u00e9s a vid\u00e9ki \u00e9let nyugalm\u00e1t \u00f6tv\u00f6zi. A k\u00f6zs\u00e9g t\u00f6rt\u00e9nelmi \u00e9p\u00fcletei \u00e9s templomai megtekinthet\u0151k. Nyugodt, biztons\u00e1gos k\u00f6rnyezetet biztos\u00edt a l\u00e1togat\u00f3knak. Sz\u0151gy\u00e9n ide\u00e1lis \u00fati c\u00e9l a term\u00e9szet \u00e9s a hagyom\u00e1nyok szerelmeseinek.\t\t\t\t\t\t\t\t<\/div>\n\t\t\t\t\t    \t            <button class=\"button-small e-9d53a0c-dbcd0b5 e-button-base\" data-interaction-id=\"9d53a0c\"  data-e-type=\"widget\" data-id=\"9d53a0c\">\n            Viac inform\u00e1ci\u00ed\n        <\/button>\n    \t\t\t\t<\/div>\n\t\t\t\t<\/a>\n\t\t\t\t<\/div>\n\t\t\t\t<\/div>\n\t\t\t\t\t\t<\/div>\n\t\t\t\t<\/div>\n\t\t\t\t\t<\/div>\n\t\t\t\t<\/div>\n\t\t\t\t<\/div>\n\t\t","protected":false},"excerpt":{"rendered":"<p>A Dunamente r\u00e9gi\u00f3 partner telep\u00fcl\u00e9seinek \u00e9s v\u00e1rosainak arch\u00edvuma.<\/p>\n","protected":false},"author":1,"featured_media":362,"parent":0,"menu_order":0,"comment_status":"closed","ping_status":"closed","template":"","meta":{"_acf_changed":false,"footnotes":""},"class_list":["post-1731","page","type-page","status-publish","has-post-thumbnail","hentry"],"acf":[],"_links":{"self":[{"href":"https:\/\/visitdanube.eu\/hu\/wp-json\/wp\/v2\/pages\/1731","targetHints":{"allow":["GET"]}}],"collection":[{"href":"https:\/\/visitdanube.eu\/hu\/wp-json\/wp\/v2\/pages"}],"about":[{"href":"https:\/\/visitdanube.eu\/hu\/wp-json\/wp\/v2\/types\/page"}],"author":[{"embeddable":true,"href":"https:\/\/visitdanube.eu\/hu\/wp-json\/wp\/v2\/users\/1"}],"replies":[{"embeddable":true,"href":"https:\/\/visitdanube.eu\/hu\/wp-json\/wp\/v2\/comments?post=1731"}],"version-history":[{"count":1,"href":"https:\/\/visitdanube.eu\/hu\/wp-json\/wp\/v2\/pages\/1731\/revisions"}],"predecessor-version":[{"id":1732,"href":"https:\/\/visitdanube.eu\/hu\/wp-json\/wp\/v2\/pages\/1731\/revisions\/1732"}],"wp:featuredmedia":[{"embeddable":true,"href":"https:\/\/visitdanube.eu\/hu\/wp-json\/wp\/v2\/media\/362"}],"wp:attachment":[{"href":"https:\/\/visitdanube.eu\/hu\/wp-json\/wp\/v2\/media?parent=1731"}],"curies":[{"name":"wp","href":"https:\/\/api.w.org\/{rel}","templated":true}]}}