{"id":990,"date":"2026-04-10T20:31:41","date_gmt":"2026-04-10T18:31:41","guid":{"rendered":"https:\/\/visitdanube.eu\/?post_type=program&#038;p=990"},"modified":"2026-04-24T15:55:36","modified_gmt":"2026-04-24T13:55:36","slug":"eszak-komarom-karva","status":"publish","type":"program","link":"https:\/\/visitdanube.eu\/hu\/program\/eszak-komarom-karva\/","title":{"rendered":"\u00c9szak-Kom\u00e1rom &#8211; Karva"},"content":{"rendered":"<p class=\"redactor-image-wrapper\"><img decoding=\"async\" src=\"https:\/\/qard.eu\/msite\/201\/5cb1a9b218c6a4dd0c9b27ec9cea1f20.jpeg\"><\/p>\n<p class=\"redactor-image-wrapper\"><em><a href=\"https:\/\/www.visitdanube.eu\/hu\/reszletek-1\/kelemantia-romai-erod-romjai\" target=\"_blank\">Kelemantia &#8211; az egykori r\u00f3mai t\u00e1bor<\/a><\/em><\/p>\n<p>Kom\u00e1romot elhagyva az els\u0151 pihen\u0151hely Izsa lehet, amely Kom\u00e1romt\u00f3l 5 km-re tal\u00e1lhat\u00f3. Az \u00fat sor\u00e1n (Kom\u00e1romt\u00f3l 4,8 km-re) helyezkedik el Kelemantia &#8211; az egykori r\u00f3mai t\u00e1bor. A Dunai t\u00f6lt\u00e9s k\u00f6zel\u00e9ben tal\u00e1lhat\u00f3 Kelemantia &#8211; R\u00f3mai \u00e9s N\u00e9prajzi M\u00fazeum. Friss\u00edt\u00e9sk\u00e9ppen javasoljuk, hogy pr\u00f3b\u00e1lj\u00e1k ki a legjobb fagylaltot, amely 200 m\u00e9terre tal\u00e1lhat\u00f3 a m\u00fazeumt\u00f3l.<\/p>\n<p class=\"redactor-image-wrapper\"><img decoding=\"async\" src=\"https:\/\/qard.eu\/msite\/201\/025dad9cadd062fcdd995c61298f537d.jpg\"><\/p>\n<p class=\"redactor-image-wrapper\"><em><a href=\"https:\/\/www.visitdanube.eu\/hu\/reszletek-1\/kelemantia-romai-kori-es-neprajzi-muzeum\" target=\"_blank\">Kelemantia &#8211; R\u00f3mai \u00e9s N\u00e9prajzi M\u00fazeum<\/a><\/em><\/p>\n<p class=\"redactor-image-wrapper\">A Dunai t\u00f6lt\u00e9s ment\u00e9n haladhatunk tov\u00e1bb eg\u00e9szen Patig, amely Kom\u00e1romt\u00f3l 14 km-re tal\u00e1lhat\u00f3. Paton tal\u00e1lhat\u00f3 Szlov\u00e1kia legd\u00e9lebbi pontja. Van itt egy kik\u00f6t\u0151 is, a Marina kik\u00f6t\u0151, ahonnan haj\u00f3s k\u00f6rutaz\u00e1sok indulnak Pat k\u00f6zel\u00e9ben, f\u0151k\u00e9nt a Pati &#8211; Dunamocs \u00e9s vissza \u00fatvonalon. Az eg\u00e9sz haj\u00f3\u00fat k\u00f6r\u00fclbel\u00fcl 1 \u00f3r\u00e1t vesz ig\u00e9nybe. Tov\u00e1bbi inform\u00e1ci\u00f3\u00e9rt keresse fel a kik\u00f6t\u0151t telefonon: 00421 907 161 514 vagy 00421 918 703 069 vagy a Wellness Hotel Patince sz\u00e1llod\u00e1t: 00421 357 908 500. V\u00e9g\u00fcl Paton tal\u00e1lhat\u00f3 egy Wellness Hotel Patince **** (https:\/\/www.wellnesspatince.sk), a pati term\u00e1lf\u00fcrd\u0151 (http:\/\/www.patincekupalisko.sk) \u00e9s sz\u00e1ll\u00e1s nyaral\u00f3kban vagy kisebb sz\u00e1llod\u00e1kban.<\/p>\n<p class=\"redactor-image-wrapper\"><img decoding=\"async\" src=\"https:\/\/qard.eu\/msite\/201\/be0559cb8d23f5b1c30139942ad0bdef.jpg\"><\/p>\n<p class=\"redactor-image-wrapper\"><em><a href=\"https:\/\/www.visitdanube.eu\/hu\/reszletek-1\/wellness-hotel-patince\" target=\"_blank\">Wellness Hotel Patince ****<\/a> <\/em><\/p>\n<p class=\"redactor-image-wrapper\"><img decoding=\"async\" src=\"https:\/\/qard.eu\/msite\/201\/ff461a1d1ce8c5a415e4674563151257.jpg\"><\/p>\n<p class=\"redactor-image-wrapper\"><em><a href=\"https:\/\/www.visitdanube.eu\/hu\/reszletek-1\/setahajozas-patrol\" target=\"_blank\">Kir\u00e1ndul\u00f3haj\u00f3 a Marina kik\u00f6t\u0151b\u0151l<\/a> <\/em><\/p>\n<p>Tov\u00e1bbi lehet\u0151s\u00e9g, ahol meg\u00e1llhatnak az \u00fat ment\u00e9n, az Dunaradv\u00e1ny, ahol a Zsitvai b\u00e9ke eml\u00e9km\u0171ve tal\u00e1lhat\u00f3. A Zsitvai b\u00e9ke 1606-ban az Oszm\u00e1n Birodalom \u00e9s a Habsburg Monarchia k\u00f6z\u00f6tt l\u00e9trej\u00f6tt b\u00e9keszerz\u0151d\u00e9s volt. A b\u00e9k\u00e9t a Zsitva foly\u00f3r\u00f3l nevezt\u00e9k el, amelynek torkolat\u00e1n\u00e1l al\u00e1\u00edrt\u00e1k a szerz\u0151d\u00e9st, a mai Dunaradv\u00e1ny k\u00f6zs\u00e9g hely\u00e9n. A Zsitvai b\u00e9ke v\u00e9get vetett a tizen\u00f6t \u00e9ves h\u00e1bor\u00fanak. Dunaradv\u00e1ny mind\u00f6ssze 2 km-re tal\u00e1lhat\u00f3 Patt\u00f3l \u00e9s 16 km-re Kom\u00e1romt\u00f3l.<\/p>\n<p class=\"redactor-image-wrapper\"><img decoding=\"async\" src=\"https:\/\/qard.eu\/msite\/201\/26dc921a3749c345d5ec0e6b5f3b2114.JPG\"><\/p>\n<p class=\"redactor-image-wrapper\"><em>A Zsitvai b\u00e9ke eml\u00e9km\u0171ve, K\u00e9p: Wikip\u00e9dia<\/em><\/p>\n<p>A k\u00f6vetkez\u0151 meg\u00e1ll\u00f3 Dunamocs lehet, amely 6 km-re fekszik Dunaradv\u00e1nyt\u00f3l, 22 km-re pedig Kom\u00e1romt\u00f3l. A telep\u00fcl\u00e9s, amely t\u00f6bbek k\u00f6z\u00f6tt a Burcs\u00e1kfesztiv\u00e1lr\u00f3l is h\u00edres, a Neszm\u00e9lyi Borvid\u00e9k r\u00e9sz\u00e9t k\u00e9pezi a Duna \u00e9szaki oldal\u00e1n. \u00c9rdemes felkeresni t\u00far\u00e1nk sor\u00e1n a Dunamocsi M\u00fazeum-ot, amely a t\u00e9rs\u00e9g n\u00e9prajzi \u00e9rt\u00e9keit mutatja be, ahol el\u0151zetes bejelentkez\u00e9s sz\u00fcks\u00e9ges az al\u00e1bbi telefonsz\u00e1mokon: 00421 905 936 774 alebo 00421 905 936 782. Ha m\u00e1r itt j\u00e1runk, felkereshetj\u00fck Csokonai Lill\u00e1j\u00e1nak szobr\u00e1t, hiszen k\u00f6ztudott, hogy Lilla m\u00e1sodik f\u00e9rje dunamocsi volt. <\/p>\n<p class=\"redactor-image-wrapper\"><img decoding=\"async\" src=\"https:\/\/qard.eu\/msite\/201\/f3b7c9a22138f5d9e542ce33be2e7603.JPG\"><\/p>\n<p class=\"redactor-image-wrapper\"><em><a href=\"https:\/\/www.visitdanube.eu\/hu\/reszletek-1\/lilla-szobra\" target=\"_blank\">Lilla szobra Dunamocson<\/a><\/em><\/p>\n<p>Ker\u00e9kp\u00e1rt\u00far\u00e1nk k\u00f6vetkez\u0151 meg\u00e1ll\u00f3ja m\u00e1r Karva, amely Kom\u00e1romt\u00f3l 27 km-re tal\u00e1lhat\u00f3. Az itt tal\u00e1lhat\u00f3 kil\u00e1t\u00f3b\u00f3l p\u00e1ratlan panor\u00e1ma t\u00e1rul el\u00e9nk. A telep\u00fcl\u00e9sen komp m\u0171k\u00f6dik, \u00edgy t\u00far\u00e1nkat  Duna d\u00e9li oldal\u00e1n is folytathatjuk, vagy tov\u00e1bb indulhatunk P\u00e1rk\u00e1ny fel\u00e9, de ha \u00fagy d\u00f6nt\u00fcnk, hogy csillagt\u00far\u00e1nkr\u00f3l innen fordulunk vissza, akkor \u00e9rdemes egy kicsit itt megpihenni, hiszen p\u00e1ratlan innen a dunai panor\u00e1ma. A Duna partj\u00e1n helyezkedik el a Karvai Tan\u00f6sv\u00e9ny is, amely 1,5 kilom\u00e9teres szakaszon mutatja be a Duna-part l\u00e1tv\u00e1nyoss\u00e1gait \u00e9s \u00e9l\u0151vil\u00e1g\u00e1t, \u00f6sszesen 10 db inform\u00e1ci\u00f3s t\u00e1bl\u00e1n. A telep\u00fcl\u00e9s rom\u00e1n kori temploma az egyed\u00fcli a t\u00e9rs\u00e9gben, amely ebb\u0151l a korb\u00f3l sz\u00e1rmazik, \u00e9rdemes teh\u00e1t ezt is megn\u00e9zni, a ny\u00e1ri id\u0151szakban pedig a telep\u00fcl\u00e9s szabad strandj\u00e1n a Dun\u00e1ban is megm\u00e1rt\u00f3zhatunk. Tov\u00e1bbi l\u00e1tnival\u00f3 a Karvai term\u00e9szeti park, amely szint\u00e9n a Duna t\u00f6lt\u00e9sen tal\u00e1lhat\u00f3. Karv\u00e1t kast\u00e9lyok telep\u00fcl\u00e9s\u00e9nek is nevezik, hiszen sz\u00e1mos nemesi csal\u00e1d itt \u00e9p\u00edttetett kast\u00e9lyokat \u00e9s k\u00fari\u00e1kat. <\/p>\n<p class=\"redactor-image-wrapper\"><img decoding=\"async\" src=\"https:\/\/qard.eu\/msite\/201\/fc740052ce5f6e5241e9af600f377ea7.JPG\"><\/p>\n<p class=\"redactor-image-wrapper\"><em><a href=\"https:\/\/www.visitdanube.eu\/hu\/reszletek-1\/karvai-kilato\" target=\"_blank\">A karvai kil\u00e1t\u00f3<\/a><\/em><\/p>\n<p class=\"redactor-image-wrapper\"><img decoding=\"async\" src=\"https:\/\/qard.eu\/msite\/201\/5e0fd6d033e0f85cf8e9905aa078162a.JPG\"><\/p>\n<p class=\"redactor-image-wrapper\"><em>A Duna foly\u00f3 Karv\u00e1n\u00e1l<\/em><\/p>\n","protected":false},"featured_media":290,"template":"","meta":{"_acf_changed":false},"tags":[86],"kategoria-programov":[103],"obec":[71],"class_list":["post-990","program","type-program","status-publish","has-post-thumbnail","hentry","tag-kerekparut","kategoria-programov-aktivan","obec-komarom"],"acf":[],"_links":{"self":[{"href":"https:\/\/visitdanube.eu\/hu\/wp-json\/wp\/v2\/program\/990","targetHints":{"allow":["GET"]}}],"collection":[{"href":"https:\/\/visitdanube.eu\/hu\/wp-json\/wp\/v2\/program"}],"about":[{"href":"https:\/\/visitdanube.eu\/hu\/wp-json\/wp\/v2\/types\/program"}],"wp:featuredmedia":[{"embeddable":true,"href":"https:\/\/visitdanube.eu\/hu\/wp-json\/wp\/v2\/media\/290"}],"wp:attachment":[{"href":"https:\/\/visitdanube.eu\/hu\/wp-json\/wp\/v2\/media?parent=990"}],"wp:term":[{"taxonomy":"post_tag","embeddable":true,"href":"https:\/\/visitdanube.eu\/hu\/wp-json\/wp\/v2\/tags?post=990"},{"taxonomy":"kategoria-programov","embeddable":true,"href":"https:\/\/visitdanube.eu\/hu\/wp-json\/wp\/v2\/kategoria-programov?post=990"},{"taxonomy":"obec","embeddable":true,"href":"https:\/\/visitdanube.eu\/hu\/wp-json\/wp\/v2\/obec?post=990"}],"curies":[{"name":"wp","href":"https:\/\/api.w.org\/{rel}","templated":true}]}}