{"id":1134,"date":"2026-04-10T20:43:44","date_gmt":"2026-04-10T18:43:44","guid":{"rendered":"https:\/\/visitdanube.eu\/?post_type=zaujimavost&#038;p=1134"},"modified":"2026-04-21T08:13:56","modified_gmt":"2026-04-21T06:13:56","slug":"pat-kozseg-tortenete","status":"publish","type":"zaujimavost","link":"https:\/\/visitdanube.eu\/hu\/latvanyossag\/pat-kozseg-tortenete\/","title":{"rendered":"Path k\u00f6zs\u00e9g t\u00f6rt\u00e9nelme"},"content":{"rendered":"<p>Path k\u00f6zs\u00e9g a Duna menti s\u00edks\u00e1gon, a V\u00e1g, Nyitra \u00e9s a Zsitva foly\u00f3k als\u00f3 szakasz\u00e1nak kisz\u00e9lesedett v\u00f6lgy\u00e9ben fekszik, a Duna bal partj\u00e1n, Kom\u00e1romt\u00f3l 15 km \u2013re keletre. A k\u00f6zs\u00e9g tengerszint feletti magass\u00e1ga a falu r\u00e9gi r\u00e9sz\u00e9n 111 m. A ter\u00fclet egykor hatalmas mocs\u00e1rfen\u00e9k volt, amelyb\u0151l a lass\u00fa foly\u00e1s\u00fa, kanyarg\u00f3s foly\u00f3k \u00e1rvizek alkalm\u00e1val \u00f3ri\u00e1si tavat alkottak. Csak itt-ott bukkantak ki az egykori medrek \u00e9s partok homokj\u00e1b\u00f3l feltorl\u00f3dott apr\u00f3 szigetek. Ennek megfelel\u0151 a fels\u0151 talajr\u00e9tegek \u00f6sszet\u00e9tele. A k\u00f6zs\u00e9g \u00e9ghajlata enyhe, \u00e9vi \u00e1tlagos h\u0151m\u00e9rs\u00e9klete +10,5 Celsius-fok. A csapad\u00e9k majdnem minden \u00e9vben kev\u00e9s, \u00e9s eloszl\u00e1sa egyenetlen.  Ritk\u00e1n \u00e9ri el az \u00e9vi 550 mm-t. Egy 1950-es f\u00far\u00e1s h\u00e9vizet hozott felsz\u00ednre. A hat\u00e1r talaja term\u00e9keny agyag, ter\u00fclete a Dun\u00e1\u00e9val egy\u00fctt 2849 katasztr\u00e1lis hold \u00e9s 1200 n\u00e9gysz\u00f6g\u00f6l. Tizenhat d\u0171l\u0151je van. Path egy\u00e9bk\u00e9nt az orsz\u00e1g legd\u00e9lebb pontj\u00e1n fekszik, f\u00fcrd\u0151- \u00e9s \u00fcd\u00fcl\u0151hely.<\/p>\n<p>Path \u0151s- \u00e9s \u00f3kora<\/p>\n<p>Het\u00e9ny, Marcelh\u00e1za, Virt, Radv\u00e1ny t\u00e9rs\u00e9g\u00e9ben a r\u00e9g\u00e9szek \u00f6sszef\u00fcgg\u0151 k\u0151korszakbeli telep\u00fcl\u00e9sek nyomaira bukkantak. Mocson talajmunk\u00e1k sor\u00e1n felt\u00e1rt leletek bizony\u00edtj\u00e1k, hogy m\u00e1r a t\u00f6rt\u00e9nelem el\u0151tti id\u0151kben is \u00e9ltek itt emberek. Path t\u00e9rs\u00e9g\u00e9ben hamvaszt\u00e1sos r\u00edtus\u00fa temetkez\u0151helyet, Virt hat\u00e1r\u00e1ban bronzkori telepet fedeztek fel, Zsitvat\u0151 \u00e9s Radv\u00e1ny k\u00f6z\u00f6tt a Duna partj\u00e1n r\u00e9gebbi telep\u00fcl\u00e9shelyre r\u00e9tegesen helyezked\u0151 kult\u00fara nyomaira bukkantak. A legr\u00e9gebbi leletmaradv\u00e1nyok a csiszoltk\u0151-korszakb\u00f3l val\u00f3k: n\u00e9gy k\u0151gyalu. A neolit korszakbeli ember a hal\u00e1sz\u00f3 szigonyait k\u0151gyaluval csiszolta, form\u00e1lta, \u00e9s tette alkalmass\u00e1 a foly\u00f3ban val\u00f3 hal\u00e1szatra. Ezek a csiszol\u00e1sra alkalmas korongok  egyben bizony\u00edt\u00e9kok arra is, hogy a t\u00e9rs\u00e9gben abban a korszakban hal\u00e1sztelep l\u00e9tezett. A Pathon, Izs\u00e1n \u00e9s Mocson tal\u00e1lt \u00fajabb telephelyeket minden\u00fctt megbolygatta a r\u00e9tegesen r\u00e1telep\u00fcl\u0151, \u00e9szakpannon kult\u00far\u00e1hoz tartoz\u00f3 korai \u00e9s k\u00f6z\u00e9ps\u0151 bronzkorszaki temetkez\u00e9si helyek sora. A csiszoltk\u0151-korszak embere mintegy 6-7 ezer \u00e9vvel ezel\u0151tt felfedezte a rezet, \u00e9s a k\u0151szersz\u00e1mhoz hasonlatos eszk\u00f6z\u00f6ket k\u00e9sz\u00edtett bel\u0151le. A rezet cinkkel kevert\u00e9k. Az \u00edgy nyert bronz kem\u00e9nyebb volt a r\u00e9zn\u00e9l, k\u00f6nnyebben is volt olvaszthat\u00f3. Ilyen r\u00e9z- \u00e9s bronzkorszaki telepek voltak Izs\u00e1n, Pathon \u00e9s Mocson. Az e ter\u00fcletekr\u0151l val\u00f3 r\u00e9g\u00e9szeti leletek  m\u00e1r pontosabb telep\u00fcl\u00e9s-f\u00f6ldrajzi ismerteket is szolg\u00e1ltatnak: a kor\u00e1bbi nedves kl\u00edma egyre sz\u00e1razabb\u00e1 v\u00e1lt, \u00e9s a f\u00f6ldm\u0171vel\u00e9s m\u00e1r kiterjedt m\u00e9rt\u00e9kben folyt. A vaskorban a fejl\u0151d\u00e9s m\u00e1r meghat\u00e1rozott n\u00e9pelemhez kapcsol\u00f3dott: tudjuk, hogy e vid\u00e9ken szk\u00edt\u00e1k, kelt\u00e1k \u00e9s ill\u00edrek \u00e9ltek. A kelta kult\u00fara itt eg\u00e9szen i.e. 60-ig tartott, majd a d\u00e1kok bev\u00e1ndorl\u00e1sa k\u00f6vetkezt\u00e9ben a k\u00e9t n\u00e9pelem \u00f6sszeolvadt. A k\u00e9s\u0151bbi n\u00e9pek mindig az el\u0151bbiek hely\u00e9re telepedtek. A r\u00f3mai korban, a t\u00e9rs\u00e9gben fontos dunai \u00e1tkel\u0151helyek voltak, szolg\u00e1lva a Duna jobb partj\u00e1n fel\u00e9p\u00fclt er\u0151d\u00f6t \/Limes\/ \u00e9s a bal parton \u00e1ll\u00f3 \u0151rtornyok, castellumok rendszer\u00e9nek \u00f6sszek\u00f6ttet\u00e9s\u00e9t. A r\u00f3mai jelenl\u00e9tet  a hunok korszaka ut\u00e1n \/ i.sz. 450 t\u00e1j\u00e1n\/ a gepid\u00e1k, majd az avarok uralma k\u00f6vette e t\u00e1jon. Ez ut\u00f3bbi t\u00f6rzsek a 7. sz\u00e1zad k\u00f6r\u00fcl a horv\u00e1tok \u00e9s a szerbek k\u00f6zvetlen el\u0151deivel k\u00f6z\u00f6sen hozt\u00e1k l\u00e9tre a pann\u00f3niai szl\u00e1v \u00e1llamot, amelyet Nagy-morva Fejedelems\u00e9gnek is nevez\u00fcnk. Egy-egy ,,grand,, k\u00f6r\u00fcl t\u00f6m\u00f6r\u00fcltek a szl\u00e1v n\u00e9pcsoportok, nevezetesen a morva szl\u00e1vok, pann\u00f3niai szl\u00e1vok vagy szlov\u00e9n, bolg\u00e1r szl\u00e1vok, \u00e9s alkott\u00e1k ezen a vid\u00e9ken a szl\u00e1v etnikumot. A honfoglal\u00e1s idej\u00e9n a telep\u00fcl\u00e9sek lak\u00f3i minden bizonnyal szl\u00e1vok voltak. Hogy milyen harcok \u00e1r\u00e1n jutott a mai Kom\u00e1rom ter\u00fclete a magyarok birtok\u00e1ba, erre n\u00e9zve nincsenek k\u00f6zvetlen adataink. Anonymus, Thur\u00f3czy, K\u00e9zai kr\u00f3nik\u00e1ira vagyunk utalva, k\u00fclf\u00f6ldi, f\u0151leg n\u00e9met forr\u00e1sokat figyelembe v\u00e9ve k\u00e9ts\u00e9gtelen, hogy a magyarok 896 \u00e9s 900 k\u00f6z\u00f6tt foglalt\u00e1k el ezt a ter\u00fcletet.<\/p>\n<p>Path a k\u00f6z\u00e9pkorban<\/p>\n<p>A Borovszky-f\u00e9le monogr\u00e1fia szerint Pathpuszt\u00e1t 1268-ban a terra Poth alakban, egy kom\u00e1romi v\u00e1rjobb\u00e1gy birtokak\u00e9nt eml\u00edtik, 1368-ban pedig terra Poth \u00e9s Polth, 1444-ben posessio Path, 1485-ben praedium Path alakban. De a telep\u00fcl\u00e9s neve Poch \/1260\/, Paach \/1396\/ Path-Kywrth \/1464\/ alakban is el\u0151fordul. 1396-ban Pathi Pozs\u00e1r L\u00e1szl\u00f3 nej\u00e9nek a birtoka, a t\u00f6r\u00f6k vil\u00e1gban azonban elpusztult. 1559-t\u0151l \u00fajabb birtokosai v\u00e1lnak ismertt\u00e9. Pathy J\u00e1nos \u00e9s Banky Ill\u00e1s csal\u00e1dja f\u00e9rfi\u00e1gon kihalt, Szentiv\u00e1nyi Babits Istv\u00e1n kapja n\u00e1dori adom\u00e1nyk\u00e9nt. 1616-ban Pathy Mikl\u00f3s a f\u00f6ldes\u00far, majd Markh\u00e1zy M\u00e1rton, 1634-ben pedig Laky Istv\u00e1n \u00e9s M\u00f3rocz Istv\u00e1n. 1655-ben Pozs\u00e1r Luk\u00e1cs, 1662-ben Csaj\u00e1ghy Gy\u00f6rgy kap itt n\u00e1dori, 1716-ban pedig Gyulay Ferenc kir\u00e1lyi adom\u00e1nyt. Az intrik\u00e1k n\u00e9mely adom\u00e1nyleveleket r\u00f6vid \u00e9let\u0171v\u00e9 tesznek, \u00edgy a tulajdonosok sora l\u00e9nyegesen hosszabb. V\u00e9g\u00fcl a birtok a P\u00e1lffyakhoz ker\u00fcl. Borovszky szerint: \u201eItt hajdan a r\u00f3maiak kor\u00e1ban r\u00f3mai f\u00fcrd\u0151 \u00e1llott fenn, melynek meleg forr\u00e1sai m\u00e1ig is megvannak.\u201d <\/p>\n<p>F\u00e9nyes Elek 1848-ban \u00edgy \u00edr Pathr\u00f3l: ,,Path puszta, Izs\u00e1hoz \u00bd \u00f3r\u00e1nyira a Duna mellett, 237 katolikus lakossal, akik t\u00f6bbnyire haszonb\u00e9rl\u0151k, s igen er\u0151s doh\u00e1nyt termesztenek. Van itt 38 h\u00e1z, s mindegyikhez 1 \u00bd m\u00e9r\u0151 bels\u0151 telek adott, k\u00fcltelk\u00fck nincs. Egy h\u00e1zt\u00f3l ideiglenes szerz\u0151d\u00e9s mellett 5 pft.-ot \/peng\u0151 forintot\/ fizetnek, \u00e9s 12 napot szolg\u00e1lnak. Az uras\u00e1gi sz\u00e1nt\u00f3f\u00f6ld 309 \u00bd hold, a 2000 holdnyi vizeny\u0151s, s nem minden \u00e9vben kasz\u00e1lhat\u00f3, azonban k\u00f6z\u00e9psz\u00e1m\u00edt\u00e1ssal 5000 m\u00e1zsa sz\u00e9n\u00e1t megterem. Van itt egy 300 holdnyi f\u00e1c\u00e1nos is. F\u00f6ldesura herceg P\u00e1lffy Antal. Hajdan minden\u00fctt helys\u00e9gnek \u00edratik. Perek is voltak, pl. 1498-ban Pozs\u00e1r Mih\u00e1ly, Berencs Gy\u00f6rgy, \u00e9s Pathi G\u00e1lffy Jakab bizonyos Serkel folyamon \u00e9p\u00edtett V\u00e1iss \/vejsze, vizafog\u00f3\/ nevezet\u0171 csatorna ir\u00e1nt perbe id\u00e9ztettek Korl\u00e1tk\u0151i Osv\u00e1ld \u00e1ltal. \u201d B\u00e9l M\u00e1ty\u00e1s szerint a Duna\u2026Izsa, P\u00e1th, Zsitvat\u0151, Radv\u00e1ny partjait mossa\u2026 Mivel sok haj\u00f3 j\u00e1rja, nagyban hozz\u00e1j\u00e1rul a k\u00f6rny\u00e9k kedvez\u0151 adotts\u00e1gaihoz, gazdagabb\u00e1 teszi a mellette lak\u00f3kat, kiv\u00e9ve persze, hogy a gabonaterm\u0151 f\u00f6ldekben, \u00e9s kasz\u00e1l\u00f3kban k\u00e1rt tesz, \u00e9s vet\u00e9sekre k\u00f6d\u00f6t \u00e1raszt, ami \u00e1rtalmas. Nevezetess\u00e9 teszi, hogy b\u0151ven fognak benne Kom\u00e1romn\u00e1l \u00e9s m\u00e1sfel\u00e9 is viz\u00e1t. A vid\u00e9k ott gazdagabb halakban, ahol a v\u00edz egyes\u00fclv\u00e9n, nyugodtabb\u00e1, \u00e9s m\u00e9lyebb\u00e9 v\u00e1lik. B\u00e9l M\u00e1ty\u00e1s \/ mintegy k\u00e9t \u00e9s f\u00e9l \u00e9vsz\u00e1zaddal ezel\u0151tt\/ azt \u00edrja, hogy P\u00e1th n\u00e9met telep\u00fcl\u00e9s, amelynek templom\u00e1t Gyulay Ferenc gr\u00f3f, a falu akkori ura, \u00e1ll\u00edtotta helyre. \u00c9szakr\u00f3l Kurtakesszel \u00e9s Marczalh\u00e1z\u00e1val szomsz\u00e9dos, keletr\u0151l pedig Nedeczky-birtokkal, amelyen a Virth\u00e1z nev\u0171 telep\u00fcl\u00e9s van.\/korabeli telep\u00fcl\u00e9snevek.\/ Ezt a birtokot egy gy\u00f3gy\u00edt\u00f3 viz\u0171 patakocska forr\u00e1sa teszi ismertt\u00e9, ez t\u00f6bb \u00e9rb\u0151l felbugyogva egy t\u00f3ban gy\u0171lik \u00f6ssze. Sz\u00edne feh\u00e9res, \u00e9s a p\u00e1r\u00e1ja gy\u00f3gy\u00edt\u00f3. A f\u00f6ldes\u00far egy f\u00fcrd\u0151\u00e9p\u00fcletet emelt neki, ahol a t\u0171zzel megmeleg\u00edtett vizet f\u00fcrd\u00e9sre haszn\u00e1lj\u00e1k fel a hossz\u00fa betegs\u00e9gt\u0151l elgy\u00f6ng\u00fclt \u00e9s er\u0151tlen tagok gy\u00f3gy\u00edt\u00e1s\u00e1ra. Mivel ezt n\u00e9met\u00fcl Bad-nak mondj\u00e1k, ez maradt a falunak is a neve, az akkori magyarok kiejt\u00e9s\u00e9vel Path-ra alak\u00edtva. Th\u00far\u00f3czy a Path nemzets\u00e9gr\u0151l azt mondja, hogy Aldenburgi Konr\u00e1dt\u00f3l ered. E nemzets\u00e9g azon tagj\u00e1nak, aki Salamon idej\u00e9ben j\u00f6tt az orsz\u00e1gba, Henristus volt a neve. A Both n\u00e9v ragadt az\u00e9rt  rajta, mert Konr\u00e1d cs\u00e1sz\u00e1r, tov\u00e1bb\u00e1 Andr\u00e1s-Endre \u00e9s Salamon k\u00f6veti szolg\u00e1latra haszn\u00e1lt\u00e1k, k\u00f6vet pedig n\u00e9met\u00fcl annyit tesz, mint,, Bothe \u201d. Ebb\u0151l keletkezett a Poth, majd Path. Lajos kir\u00e1ly, Madari Marcell nev\u0171 solym\u00e1r\u00e1nak k\u00e9relm\u00e9re, ennek rokonait, bizonyos pathi f\u00f6ldter\u00fclet \u00e1tenged\u00e9s\u00e9\u00e9rt Path \u00e9s K\u00fcrth nev\u0171 birtokokkal egy\u00fctt, 1360-ban a nemes v\u00e1rjobb\u00e1gys\u00e1g k\u00f6tel\u00e9ke al\u00f3l felmentette, \u00e9s az orsz\u00e1gos nemesek sor\u00e1ba emelte. 1546-t\u00f3l eml\u00edtettnek Pathy D\u00f6m\u00f6t\u00f6r fiai, akiket Pozs\u00e1r Mikl\u00f3s, Kakas fiaival eltilt a k\u00f6zs\u00e9g melletti zsitvai hal\u00e1szatt\u00f3l.<\/p>\n<p>T\u00f6r\u00f6k vil\u00e1g Pathon<\/p>\n<p>Path a t\u00f6r\u00f6k megjelen\u00e9sekor elpusztult.1532-ben-mint le\u00e9gett falu- ad\u00f3mentes. 1549-ben a defter \/ad\u00f3szed\u0151\/ szerint 5 lak\u00f3h\u00e1za volt. 1556-ban 8, 1576-ban 2 port\u00e1ja szerepelt az ad\u00f3lajstromban, de azt\u00e1n elpusztult, \u00e9s 1576-ban telep\u00fcl \u00fajra. 1698-ban 20 gazd\u00e1ja,1699-ben 34 port\u00e1ja volt. A t\u00f6r\u00f6k ki\u0171z\u00e9se ut\u00e1n telep\u00fclt lakosok reform\u00e1tusok voltak. Ezt bizony\u00edtj\u00e1k a dunaradv\u00e1nyi reform\u00e1tus egyh\u00e1z tulajdon\u00e1ban l\u00e9v\u0151 \u00farvacsorai ed\u00e9nyek: a kehely \u00e9s \u00f3nt\u00e1ny\u00e9r. Az ut\u00f3bbira r\u00e1 van \u00edrva, hogy Czihary Istv\u00e1n aj\u00e1nd\u00e9kozta a pathi ekl\u00e9zsi\u00e1nak 1618-ban. A pathi egyh\u00e1zhoz tartozott az izsai reform\u00e1tus gy\u00fclekezet is, amelyr\u0151l a pozsonyi lev\u00e9lt\u00e1rban l\u00e9v\u0151 irat \u00edgy sz\u00f3l: ,,Izsa lelke Path\u201d, vagyis Pathon volt az anyaegyh\u00e1z.1674-ben b\u00f6rt\u00f6nbe ker\u00fclt a Tomai nev\u0171 pathi lelk\u00e9sz. Ezut\u00e1n csak l\u00e9vita m\u0171k\u00f6d\u00f6tt helyettesk\u00e9nt, akit val\u00f3sz\u00edn\u0171leg 1745-ben el\u0171ztek. Ezzel Pathon megsz\u0171nt a reform\u00e1tus egyh\u00e1z, \u00e9s a falu lakosai is elsz\u00e9ledtek. Az esztergomi pr\u00edm\u00e1si lev\u00e9lt\u00e1rban tal\u00e1lhat\u00f3 adatok szerint az 1714-ben megtartott canonica visitatio feljegyz\u00e9seiben olvashat\u00f3:,,A f\u00f6ldes\u00far Heibl J\u00e1nos Jakab, kom\u00e1romi v\u00e1rkapit\u00e1ny. A k\u00f6zs\u00e9gben 24 jobb\u00e1gytelek volt, de a visitatio idej\u00e9ben h\u00e1rom kiv\u00e9tel\u00e9vel elhagyatottak voltak. Harminc lakosuk volt. 1731-ben a templom elhagyatott, ajtaja rossz, az ablakon bej\u00e1rnak a madarak. A szent\u00e9lyben lepusztult olt\u00e1r \u00e1ll.1754-ben m\u00e1r roskadozik a mennyezete, olt\u00e1r nincs benne. A k\u00f6zs\u00e9g lak\u00f3inak sz\u00e1ma 109, 1761-ben m\u00e1r csak 99. Ezek katolikusok. A templom fal\u00e1b\u00f3l sok k\u00f6vet elhordtak, ez\u00e9rt \u00f6sszed\u0171l\u00e9ssel fenyeget. \u201d Dr. Faust Ov\u00eddius, a nagyszombati m\u00fazeum igazgat\u00f3ja Vittencz\u00e9n tal\u00e1lt a lev\u00e9lt\u00e1rban feljegyz\u00e9st Pathr\u00f3l, amely szerint a P\u00e1lffy csal\u00e1d az 1760-as \u00e9vekben telepeseket hozott Pathra. A 21 csal\u00e1d a r\u00e9gi falut\u00f3l egy kilom\u00e9terre keletnek, \u00faj falut \u00e9p\u00edtett. 1776-ban megkezdt\u00e9k a r\u00e9gi falu eredetileg rom\u00e1n st\u00edlus\u00fa templom\u00e1nak \u00e1t\u00e9p\u00edt\u00e9s\u00e9t, 1780-ban fel is szentelt\u00e9k. Az olt\u00e1rk\u00e9peket gr\u00f3f P\u00e1lffy aj\u00e1nd\u00e9kozta a templomnak, az olt\u00e1rral egy\u00fctt. Szak\u00e9rt\u0151k szerint a k\u00e9p, amelyet a P\u00e1lffy csal\u00e1d valamelyik k\u00e1poln\u00e1j\u00e1b\u00f3l hoztak, \u00e9rt\u00e9kes m\u0171v\u00e9szi munka. Sajnos, a fest\u0151 neve nem tal\u00e1lhat\u00f3 rajta. A falu akkor k\u00f6zigazgat\u00e1silag Marcelh\u00e1z\u00e1hoz tartozott, egyh\u00e1zilag pedig Izs\u00e1hoz.<\/p>\n<p>A m\u00falt \u00fczenetei<\/p>\n<p>A lakoss\u00e1g a k\u00f6rny\u00e9ken sok k\u0151-, bronz-, aranyt\u00e1rgyat tal\u00e1lt. R\u00f3mai p\u00e9nzt is tal\u00e1ltak, \u00e9kszert is. K\u00e9t eg\u00e9sz \u00e9s egy f\u00e9l arany karperecet tal\u00e1lt kertkap\u00e1l\u00e1s k\u00f6zben Reh\u00e1k M\u00e1ria asszony a h\u00e9v\u00edzi t\u00e1bl\u00e1n. A leletr\u0151l a csend\u0151rs\u00e9g tudom\u00e1st szerzett, azok r\u00e9v\u00e9n a budapesti m\u00fazeumba ker\u00fclt. Az asszony 150 forint jutalmat kapott 1903-ban. Bitter J\u00e1nos a falu v\u00e9g\u00e9n, a szilv\u00e1soknak nevezett r\u00e9sz\u00e9n tal\u00e1lt egy r\u00f3mai katon\u00e1t \u00e1br\u00e1zol\u00f3 v\u00e9sett gemm\u00e1t \/ gy\u0171r\u0171fejet\/, ez a Pozsonyi M\u00fazeumba ker\u00fclt. Tal\u00e1ltak m\u00e9g 38-40 darab r\u00f3mai p\u00e9nzt, f\u0151leg a falu \u00e9s a forr\u00e1s k\u00f6rny\u00e9k\u00e9n. 1950-51-ben Pathon j\u00e1rt egy n\u00e9gytag\u00fa csehszlov\u00e1k-magyar vegyes archeol\u00f3giai bizotts\u00e1g. Meg\u00e1llap\u00edt\u00e1sa szerint az iskola hely\u00e9n r\u00f3mai \u0151rtorony \u00e1llt. A tal\u00e1lt k\u0151korszaki balt\u00e1kat a n\u00e9p mennyk\u0151nek nevezte, \u00e9s dagadt testr\u00e9szek keneget\u00e9s\u00e9re haszn\u00e1lta. Az el\u0151ker\u00fclt agyaged\u00e9nyeket \u00f6sszet\u00f6rt\u00e9k, mert azt hitt\u00e9k, hogy kincset tal\u00e1lnak benn\u00fck.<\/p>\n<p>A Zsitva-toroki b\u00e9ke<\/p>\n<p>Az erd\u0151 als\u00f3 v\u00e9g\u00e9n, a Zsitva torkolat\u00e1n\u00e1l, m\u00e9g 1940-ben \u00e1llt egy \u00f6reg t\u00f6lgyfa. Az \u00e1tm\u00e9r\u0151je 80-100 cm volt. Sz\u00e1jhagyom\u00e1ny szerint 1606-ban \u00e9ppen ez alatt a fa alatt k\u00f6t\u00f6tt\u00e9k meg a t\u00f6r\u00f6k\u00f6kkel a Zsitva-toroki b\u00e9k\u00e9t, november 11-\u00e9n. Bocskai Istv\u00e1n, I. Rudolf cs\u00e1sz\u00e1r \u00e9s Ahmed szult\u00e1n megb\u00edzottjai megegyeztek az ad\u00f3z\u00e1s \u00e9s a szult\u00e1n birtok\u00e1ban marad\u00f3 ter\u00fcletek k\u00e9rd\u00e9s\u00e9ben. A szerz\u0151d\u00e9s a b\u00e9csi b\u00e9ke kieg\u00e9sz\u00edt\u00e9se volt. A Zsitva-toroki b\u00e9ke h\u00fasz \u00e9vre k\u00f6ttetett.<\/p>\n<p>Az 1848-1849-es szabads\u00e1gharc<\/p>\n<p>A Duna bal partj\u00e1n fontos \u00fat k\u00f6t\u00f6tte \u00f6ssze Kom\u00e1romot, V\u00e1cot, Budapestet. Path k\u00f6zs\u00e9g kivette r\u00e9sz\u00e9t az esem\u00e9nyekb\u0151l. A dr\u00e1ma utols\u00f3 felvon\u00e1s\u00e1n\u00e1l az orosz c\u00e1ri hadsereg hadoszt\u00e1lya, Grabbe t\u00e1bornok parancsnoks\u00e1ga alatt, a V\u00e1g-Duna partj\u00e1t fedezte. Grabbe t\u00f6rzskara Kurtakeszi k\u00f6zs\u00e9gben sz\u00e9kelt. 1849. j\u00falius 2-\u00e1n M\u00e9sz\u00e1ros, az \u00faj f\u0151vez\u00e9r, Kom\u00e1romba indult. Azaz csak j\u00f6tt volna, mert m\u00e1r \u00e1llt a Haynau \u00e1ltal ind\u00edtott csata. Igy M\u00e9sz\u00e1ros, aki haj\u00f3val j\u00f6tt, Kom\u00e1romt\u00f3l kb. 8 kilom\u00e9terre, Path falun\u00e1l k\u00e9nytelen volt visszafordulni, mivel nem tudott volna bejutni a v\u00e1rba.<\/p>\n<p>H\u00e1bor\u00fak<\/p>\n<p>Az els\u0151 vil\u00e1gh\u00e1bor\u00faban a falu \u00f6sszes f\u00e9rfi\u00e1t beh\u00edvt\u00e1k katon\u00e1nak. 56 f\u00e9rfi l\u00e9pett szolg\u00e1latba, ebb\u0151l 54 a frontra ker\u00fclt. A harct\u00e9ren \u00e9s a fogs\u00e1gban 17 pusztult el. A 2. vil\u00e1gh\u00e1bor\u00fa idej\u00e9n is beh\u00edvt\u00e1k a katonak\u00f6teles f\u00e9rfiakat, k\u00f6z\u00fcl\u00fck a fiatalabbak a frontra ker\u00fcltek az id\u0151sebbek pedig az orsz\u00e1gban teljes\u00edtettek \u0151rszolg\u00e1latot. A harcban \u00e9s a fogs\u00e1gban 14 pathi lakos halt meg. Nev\u00fcket- az 1. vil\u00e1gh\u00e1bor\u00faban  elesettek\u00e9ivel egy\u00fctt- a h\u0151s\u00f6k eml\u00e9km\u0171v\u00e9nek m\u00e1rv\u00e1nylapjai \u0151rzik. A szobor az iskola telk\u00e9n \u00e1ll, 1940-ben k\u00e9sz\u00edtette Holdamf J\u00e1nos s\u00fctt\u0151i k\u0151farag\u00f3mester.<\/p>\n<p>K\u00fczdelem a falu \u00f6n\u00e1ll\u00f3s\u00e1g\u00e1\u00e9rt<\/p>\n<p>Az el\u00f6lj\u00e1r\u00f3k 1939 november\u00e9ben k\u00e9rt\u00e9k a falu \u00f6n\u00e1ll\u00f3s\u00edt\u00e1s\u00e1t. A k\u00e9rv\u00e9nyt a marcelh\u00e1zi k\u00e9pvisel\u0151-test\u00fclet elfogadta, \u00e9s megt\u00e1rgyalta. A v\u00e1rmegyei hivataln\u00e1l a pathiak k\u00e9r\u00e9s\u00e9t k\u00e9sleltett\u00e9k, nem t\u00e1rgyalt\u00e1k. A k\u00e9rv\u00e9nyt m\u00e1solatban felterjesztett\u00e9k a miniszt\u00e9riumba, \u00e9s a miniszt\u00e9rium utas\u00edtotta a v\u00e1rmegy\u00e9t a k\u00e9r\u00e9s megt\u00e1rgyal\u00e1s\u00e1ra. A v\u00e1rmegye t\u00f6rv\u00e9nyhat\u00f3s\u00e1gai a k\u00e9r\u00e9st elvetett\u00e9k azzal az indokl\u00e1ssal, hogy azt a pathiak visszavont\u00e1k. A val\u00f3s\u00e1g az volt, hogy a pathi megb\u00edzott el\u00f6lj\u00e1r\u00f3k, Zsapka Menyh\u00e9rt b\u00edr\u00f3 \u00e9s Bitter J\u00f3zsef esk\u00fcdt 400 holdas hat\u00e1rral nem fogadt\u00e1l el az \u00f6n\u00e1ll\u00f3s\u00edt\u00e1st. Ennyi f\u00f6ld teh\u00e1t az ad\u00f3j\u00e1b\u00f3l nem tarthatta volna fenn \u00e9s nem fejleszthette volna a falut. Csak az 1956-ban megkezdett mozgalom vezetett eredm\u00e9nyre. A k\u00f6zs\u00e9ges\u00edt\u00e9s ut\u00e1n \u00faj v\u00e1laszt\u00e1s \u00fatj\u00e1n 12 tag\u00fa nemzeti bizotts\u00e1got v\u00e1lasztott a falu.  <\/p>\n<p>Az \u00e1rvizek<\/p>\n<p>Az 1876. \u00e9vi \u00e1rv\u00edz az uradalomnak is nagy k\u00e1rt okozott. Ez\u00e9rt azt\u00e1n az akkori b\u00e9rl\u0151, b\u00e1r\u00f3 Ditfurt M\u00f3r az 1877-79-es \u00e9vekben a hat\u00e1r k\u00f6r\u00fcl v\u00e9d\u0151g\u00e1tat  emeltetett, ez az \u00fagynevezett \u00f6reg t\u00f6lt\u00e9s. Az 1876-os jeges \u00e1rad\u00e1s d\u00e9lut\u00e1n 3 \u00f3rakor kezd\u0151d\u00f6tt, \u00e9s m\u00e1r 4 \u00f3rakor az eg\u00e9sz hat\u00e1rt, valamint a falu fels\u0151 r\u00e9sz\u00e9t is v\u00edz bor\u00edtotta. Nagy \u00e1rv\u00edz volt 1888. szeptember 8-\u00e1n is. 1897 nyar\u00e1n Nagyl\u00e9ln\u00e9l szak\u00edtott a Duna, 1899-ben pedig Csics\u00f3n\u00e1l. 1897-ben megkezdt\u00e9k a t\u00e1rsulati nagy v\u00e9d\u0151g\u00e1t \u00e9p\u00edt\u00e9s\u00e9t,1901-ben fejezt\u00e9k be. 1926 j\u00fanius\u00e1ban ism\u00e9t meg\u00e1radt a Duna, j\u00fanius 23-\u00e1n a falu als\u00f3 v\u00e9g\u00e9n \u00e1tszak\u00edtotta az ,,\u00f6reg g\u00e1tat,, . 1939.december 5-\u00e9n a magas v\u00edz\u00e1ll\u00e1s \u00e1tszak\u00edtotta az erd\u0151 melletti ny\u00falg\u00e1tat. 1942 febru\u00e1rj\u00e1ban jeges \u00e1rv\u00edz volt. 1965 j\u00fanius\u00e1ban a Duna pathi v\u00edzszintje rendszerint 300 cm volt. Ebben az \u00e9vben m\u00e1r m\u00e1rciusban el\u00e9rte a 316 cm-t. M\u00e1jusban a v\u00edzszint 630-690 cm-re emelkedett. M\u00e1jus v\u00e9g\u00e9n leapadt 571 cm-re. J\u00fanius k\u00f6zep\u00e9n hirtelen 703 cm-re emelkedett. A g\u00e1t ezt m\u00e1r nem b\u00edrta, \u00e1tszakadt. Megkezd\u0151d\u00f6tt a lakosok menek\u00edt\u00e9se a hadsereg seg\u00edts\u00e9g\u00e9vel.  Nem mindenkinek akadt helye az els\u0151 j\u00e1rm\u0171vekben, az embereknek t\u00fcrelmesen v\u00e1rniuk kellett a sorukra. Megt\u00f6rt\u00e9nt, hogy a v\u00edz a h\u00e1zakban m\u00e1r el\u00e9rte az egy m\u00e9teres szintet, amikor a berendez\u00e9st elsz\u00e1ll\u00edthatt\u00e1k. Ez m\u00e1r csak cs\u00f3nakkal- pontonnal- lehetett elv\u00e9gezni. Egy-m\u00e1sf\u00e9l h\u00f3napig a falu csendesen fek\u00fcdt a hull\u00e1ms\u00edrban. Csup\u00e1n Pathon 99 h\u00e1z d\u0151lt \u00f6ssze. Sajnos, az \u00e1rv\u00edz egy fiatal ember\u00e9letet is k\u00f6vetelt. A pathi f\u00fcrd\u0151 is v\u00edz al\u00e1 ker\u00fclt. Orsz\u00e1gos \u00f6sszefog\u00e1ssal azonban begy\u00f3gyultak az \u00e1rv\u00edz okozta sebek.<\/p>\n<p>Forr\u00e1s: <a href=\"https:\/\/www.obecpatince.sk\/kozsegunk\/tortenelmunk\/\">https:\/\/www.obecpatince.sk\/<\/a><\/p>\n","protected":false},"featured_media":320,"template":"","meta":{"_acf_changed":false},"tags":[],"kategoria-programov":[104],"obec":[79],"class_list":["post-1134","zaujimavost","type-zaujimavost","status-publish","has-post-thumbnail","hentry","kategoria-programov-kulturaval","obec-pat"],"acf":[],"_links":{"self":[{"href":"https:\/\/visitdanube.eu\/hu\/wp-json\/wp\/v2\/zaujimavost\/1134","targetHints":{"allow":["GET"]}}],"collection":[{"href":"https:\/\/visitdanube.eu\/hu\/wp-json\/wp\/v2\/zaujimavost"}],"about":[{"href":"https:\/\/visitdanube.eu\/hu\/wp-json\/wp\/v2\/types\/zaujimavost"}],"wp:featuredmedia":[{"embeddable":true,"href":"https:\/\/visitdanube.eu\/hu\/wp-json\/wp\/v2\/media\/320"}],"wp:attachment":[{"href":"https:\/\/visitdanube.eu\/hu\/wp-json\/wp\/v2\/media?parent=1134"}],"wp:term":[{"taxonomy":"post_tag","embeddable":true,"href":"https:\/\/visitdanube.eu\/hu\/wp-json\/wp\/v2\/tags?post=1134"},{"taxonomy":"kategoria-programov","embeddable":true,"href":"https:\/\/visitdanube.eu\/hu\/wp-json\/wp\/v2\/kategoria-programov?post=1134"},{"taxonomy":"obec","embeddable":true,"href":"https:\/\/visitdanube.eu\/hu\/wp-json\/wp\/v2\/obec?post=1134"}],"curies":[{"name":"wp","href":"https:\/\/api.w.org\/{rel}","templated":true}]}}