{"id":1300,"date":"2026-04-10T21:01:52","date_gmt":"2026-04-10T19:01:52","guid":{"rendered":"https:\/\/visitdanube.eu\/?post_type=zaujimavost&#038;p=1300"},"modified":"2026-04-24T15:27:17","modified_gmt":"2026-04-24T13:27:17","slug":"kozsegi-muzeum","status":"publish","type":"zaujimavost","link":"https:\/\/visitdanube.eu\/hu\/latvanyossag\/kozsegi-muzeum\/","title":{"rendered":"K\u00f6zs\u00e9gi M\u00fazeum"},"content":{"rendered":"<p>A dunamocsi K\u00f6zs\u00e9gi M\u00fazeumban jelent\u0151s n\u00e9prajzi \u00e9s region\u00e1lis gy\u0171jtem\u00e9ny v\u00e1rja az \u00e9rdekl\u0151d\u0151ket, ig\u00e9ny szerint interakt\u00edv programokkal is. A l\u00e1togat\u00f3 itt tal\u00e1lkozik a r\u00e9gi paraszti kult\u00fara soksz\u00edn\u0171, gazdag vil\u00e1g\u00e1val. N\u00e9pi kult\u00far\u00e1nk t\u00e1rgyi \u00e9s szellemi alkot\u00e1sait figyelve felt\u00e1rul el\u0151tt\u00fcnk egy olyan vil\u00e1g, amelyben az emberek m\u00e9g igazi k\u00f6z\u00f6ss\u00e9gi szellemben \u00e9ltek, egym\u00e1s k\u00f6zel\u00e9ben, szoros emberi kapcsolatokban, seg\u00edtve egym\u00e1st, egym\u00e1sra utalva, ahol megbecs\u00fclt\u00e9k egym\u00e1st. Megfigyelhetj\u00fck, milyen \u00e9rt\u00e9kek j\u00f6ttek l\u00e9tre a paraszti ember kezei nyom\u00e1n, aki semmit sem hagyott k\u00e1rba veszni abb\u00f3l, amit a term\u00e9szet adott.<\/p>\n<p>A jelenlegi ki\u00e1ll\u00edt\u00e1s n\u00e9gy t\u00e9m\u00e1val foglalkozik: <\/p>\n<ul>\n<li>A n\u00e9pess\u00e9g fejl\u0151d\u00e9se, a k\u00f6zs\u00e9g t\u00f6rt\u00e9nete<\/li>\n<li>A k\u00f6zs\u00e9g jeles szem\u00e9lyis\u00e9gei<\/li>\n<li>Haj\u00f3malmok, dunai moln\u00e1rok<\/li>\n<li>A jobb\u00e1gyok sorsa<\/li>\n<\/ul>\n<p>A dunamocsi K\u00f6zs\u00e9gi M\u00fazeumban ki\u00e1ll\u00edtott n\u00e9prajzi t\u00e1rgyak \u00e9s a k\u00f6zs\u00e9g t\u00f6rt\u00e9net\u00e9t kutat\u00f3 dokumentumok nemzeti kultur\u00e1lis \u00f6r\u00f6ks\u00e9g\u00fcnk r\u00e9szei. A m\u00falt kutat\u00e1s\u00e1nak forr\u00e1sa \u00e9s az \u00e9rt\u00e9keket meg\u0151rz\u0151 hagyom\u00e1nyok forr\u00e1sa. Megh\u00edvjuk a l\u00e1togat\u00f3kat, hogy saj\u00e1t szem\u00fckkel gy\u0151z\u0151djenek meg arr\u00f3l, hogyan gondozza egy kis falu hagyom\u00e1nyait \u00e9s szok\u00e1sait.<\/p>\n","protected":false},"featured_media":366,"template":"","meta":{"_acf_changed":false},"tags":[],"kategoria-programov":[104],"obec":[76],"class_list":["post-1300","zaujimavost","type-zaujimavost","status-publish","has-post-thumbnail","hentry","kategoria-programov-kulturaval","obec-dunamocs"],"acf":[],"_links":{"self":[{"href":"https:\/\/visitdanube.eu\/hu\/wp-json\/wp\/v2\/zaujimavost\/1300","targetHints":{"allow":["GET"]}}],"collection":[{"href":"https:\/\/visitdanube.eu\/hu\/wp-json\/wp\/v2\/zaujimavost"}],"about":[{"href":"https:\/\/visitdanube.eu\/hu\/wp-json\/wp\/v2\/types\/zaujimavost"}],"wp:featuredmedia":[{"embeddable":true,"href":"https:\/\/visitdanube.eu\/hu\/wp-json\/wp\/v2\/media\/366"}],"wp:attachment":[{"href":"https:\/\/visitdanube.eu\/hu\/wp-json\/wp\/v2\/media?parent=1300"}],"wp:term":[{"taxonomy":"post_tag","embeddable":true,"href":"https:\/\/visitdanube.eu\/hu\/wp-json\/wp\/v2\/tags?post=1300"},{"taxonomy":"kategoria-programov","embeddable":true,"href":"https:\/\/visitdanube.eu\/hu\/wp-json\/wp\/v2\/kategoria-programov?post=1300"},{"taxonomy":"obec","embeddable":true,"href":"https:\/\/visitdanube.eu\/hu\/wp-json\/wp\/v2\/obec?post=1300"}],"curies":[{"name":"wp","href":"https:\/\/api.w.org\/{rel}","templated":true}]}}